{"id":106,"date":"2021-05-28T12:19:53","date_gmt":"2021-05-28T15:19:53","guid":{"rendered":"https:\/\/capacitacaoeggp.vr.uff.br\/?page_id=106"},"modified":"2026-04-17T10:23:05","modified_gmt":"2026-04-17T13:23:05","slug":"cursos-em-andamento","status":"publish","type":"page","link":"https:\/\/capacitacaoeggp.vr.uff.br\/?page_id=106","title":{"rendered":"Capacita\u00e7\u00e3o"},"content":{"rendered":"\n<hr class=\"wp-block-separator has-css-opacity is-style-wide\" \/>\n\n\n\n<p class=\"has-text-align-center\" style=\"font-size:18px\"><strong>Inscri\u00e7\u00f5es abertas!<\/strong><\/p>\n\n\n\n<hr class=\"wp-block-separator has-alpha-channel-opacity\" \/>\n\n\n\n<p class=\"has-text-align-center has-black-color has-text-color\" style=\"font-size:16px\">&gt;<s>&gt; <strong><a aria-label=\"Curso Intelig\u00eancia Artificial Generativa no Ensino Superior (opens in a new tab)\" href=\"https:\/\/capacitacaoeggp.vr.uff.br\/?p=4314\" target=\"_blank\" rel=\"noreferrer noopener\" class=\"ek-link\">Curso Intelig\u00eancia Artificial Generativa no Ensino Superior<\/a><\/strong> <\/s>(Inscri\u00e7\u00f5es encerradas)<\/p>\n\n\n\n<hr class=\"wp-block-separator has-css-opacity is-style-wide\" \/>\n\n\n\n<hr class=\"wp-block-separator has-css-opacity is-style-wide\" \/>\n\n\n\n<p style=\"font-size:18px\"><strong>Ofertas anteriores:<\/strong><\/p>\n\n\n\n<p class=\"has-black-color has-text-color\" style=\"font-size:14px\">&gt;&gt; <a rel=\"noreferrer noopener\" href=\"https:\/\/capacitacaoeggp.vr.uff.br\/?p=4182\" target=\"_blank\" class=\"ek-link\">Acolhimento Institucional (Programa de Recep\u00e7\u00e3o Docente)<\/a><\/p>\n\n\n\n<p style=\"font-size:14px\">&gt;&gt; <a aria-label=\"An\u00e1lise Estat\u00edstica Descritiva com Uso do R (ENAP) (opens in a new tab)\" href=\"https:\/\/capacitacaoeggp.vr.uff.br\/?p=1679\" target=\"_blank\" rel=\"noreferrer noopener\" class=\"ek-link\">An\u00e1lise Estat\u00edstica Descritiva com Uso do R (ENAP)<\/a><\/p>\n\n\n\n<p class=\"has-black-color has-text-color\" style=\"font-size:14px\">&gt;&gt; <a aria-label=\"Curso de Aperfei\u00e7oamento Docente (opens in a new tab)\" href=\"https:\/\/capacitacaoeggp.vr.uff.br\/?p=3674\" target=\"_blank\" rel=\"noreferrer noopener\" class=\"ek-link\">Aperfei\u00e7oamento Docente<\/a> <\/p>\n\n\n\n<p class=\"has-black-color has-text-color\" style=\"font-size:14px\">&gt;&gt; <a aria-label=\"Curso de Aperfei\u00e7oamento Docente - M\u00f3dulo Sa\u00fade Menta (opens in a new tab)\" href=\"https:\/\/capacitacaoeggp.vr.uff.br\/?p=4249\" target=\"_blank\" rel=\"noreferrer noopener\" class=\"ek-link\">Aperfei\u00e7oamento Docente &#8211; M\u00f3dulo Sa\u00fade Menta<\/a>l<\/p>\n\n\n\n<p style=\"font-size:14px\">&gt;&gt; <a href=\"https:\/\/capacitacaoeggp.vr.uff.br\/?p=3317\" target=\"_blank\" aria-label=\"Aspectos Pedag\u00f3gicos de estudantes com defici\u00eancia intelectual, Transtorno do Espectro Autista e Transtorno do D\u00e9ficit de Aten\u00e7\u00e3o e Hiperatividade no Ensino Superior (opens in a new tab)\" rel=\"noreferrer noopener\" class=\"ek-link\">Aspectos Pedag\u00f3gicos de estudantes com defici\u00eancia intelectual, Transtorno do Espectro Autista e Transtorno do D\u00e9ficit de Aten\u00e7\u00e3o e Hiperatividade no Ensino Superior<\/a><\/p>\n\n\n\n<p style=\"font-size:14px\">&gt;&gt; <a aria-label=\"ChatGPT e Educa\u00e7\u00e3o (opens in a new tab)\" href=\"https:\/\/capacitacaoeggp.vr.uff.br\/?p=2967\" target=\"_blank\" rel=\"noreferrer noopener\" class=\"ek-link\">ChatGPT e Educa\u00e7\u00e3o<\/a><\/p>\n\n\n\n<p class=\"has-black-color has-text-color\" style=\"font-size:14px\">&gt;&gt; <a aria-label=\"Ciclo de Palestras em Atualiza\u00e7\u00e3o Patrimonial (opens in a new tab)\" href=\"https:\/\/capacitacaoeggp.vr.uff.br\/?p=3615\" target=\"_blank\" rel=\"noreferrer noopener\" class=\"ek-link\">Ciclo de Palestras em Atualiza\u00e7\u00e3o Patrimonial<\/a><\/p>\n\n\n\n<p class=\"has-black-color has-text-color\" style=\"font-size:14px\">&gt;&gt; <a aria-label=\" (opens in a new tab)\" href=\"https:\/\/capacitacaoeggp.vr.uff.br\/?p=3880\" target=\"_blank\" rel=\"noreferrer noopener\" class=\"ek-link\">Curso de forma\u00e7\u00e3o\/atualiza\u00e7\u00e3o para Agentes Patrimoniais e Comiss\u00f5es de Patrim\u00f4nio da UFF<\/a><\/p>\n\n\n\n<p class=\"has-black-color has-text-color\" style=\"font-size:14px\">&gt;&gt; <a aria-label=\" Curso de Legisla\u00e7\u00e3o para Coordenadores e Vice-coordenadores de Gradua\u00e7\u00e3o (opens in a new tab)\" href=\"https:\/\/capacitacaoeggp.vr.uff.br\/?p=3830\" target=\"_blank\" rel=\"noreferrer noopener\" class=\"ek-link\">Curso de Legisla\u00e7\u00e3o para Coordenadores e Vice-coordenadores de Gradua\u00e7\u00e3o<\/a><\/p>\n\n\n\n<p class=\"has-black-color has-text-color\" style=\"font-size:14px\"><a aria-label=\"&gt;&gt; Curso para Coordenadores e Vice-coordenadores de Gradua\u00e7\u00e3o - M\u00f3dulo Apresenta\u00e7\u00e3o da UFF (opens in a new tab)\" href=\"https:\/\/capacitacaoeggp.vr.uff.br\/?p=4001\" target=\"_blank\" rel=\"noreferrer noopener\" class=\"ek-link\"> &gt;&gt; Curso para Coordenadores e Vice-coordenadores de Gradua\u00e7\u00e3o &#8211; M\u00f3dulo Apresenta\u00e7\u00e3o da UFF<\/a><\/p>\n\n\n\n<p class=\"has-black-color has-text-color\" style=\"font-size:14px\">&gt;&gt; <a rel=\"noreferrer noopener\" href=\"https:\/\/capacitacaoeggp.vr.uff.br\/?p=3912\" target=\"_blank\" class=\"ek-link\">Curso para Coordenadores e Vice-coordenadores de Gradua\u00e7\u00e3o &#8211; 2\u00ba m\u00f3dulo<\/a><\/p>\n\n\n\n<p style=\"font-size:14px\">&gt;&gt;<a aria-label=\" Descomplicando o Classroom e Produzindo Videoaulas (opens in a new tab)\" href=\"https:\/\/capacitacaoeggp.vr.uff.br\/?page_id=398\" target=\"_blank\" rel=\"noreferrer noopener\" class=\"ek-link\"> Descomplicando o Classroom e Produzindo Videoaulas<\/a><\/p>\n\n\n\n<p style=\"font-size:14px\">&gt;&gt; <a href=\"https:\/\/capacitacaoeggp.vr.uff.br\/?page_id=438\" target=\"_blank\" aria-label=\"Direito Administrativo B\u00e1sico (opens in a new tab)\" rel=\"noreferrer noopener\" class=\"ek-link\">Direito Administrativo B\u00e1sico<\/a><\/p>\n\n\n\n<p style=\"font-size:14px\">&gt;&gt; <a aria-label=\"Direito Administrativo Avan\u00e7ado (opens in a new tab)\" href=\"https:\/\/capacitacaoeggp.vr.uff.br\/?page_id=444\" target=\"_blank\" rel=\"noreferrer noopener\" class=\"ek-link\">Direito Administrativo Avan\u00e7ado<\/a><\/p>\n\n\n\n<p style=\"font-size:14px\">&gt;&gt;<a aria-label=\" Dominando a Gest\u00e3o de Projetos (ENAP) (opens in a new tab)\" href=\"https:\/\/capacitacaoeggp.vr.uff.br\/?p=1547\" target=\"_blank\" rel=\"noreferrer noopener\" class=\"ek-link\"> Dominando a Gest\u00e3o de Projetos (ENAP)<\/a><\/p>\n\n\n\n<p class=\"has-black-color has-text-color\" style=\"font-size:14px\">&gt;&gt; <a aria-label=\"Curso Execu\u00e7\u00e3o Or\u00e7ament\u00e1ria na UFF (opens in a new tab)\" href=\"https:\/\/capacitacaoeggp.vr.uff.br\/?p=3254\" target=\"_blank\" rel=\"noreferrer noopener\" class=\"ek-link\">Execu\u00e7\u00e3o Or\u00e7ament\u00e1ria na UFF<\/a><\/p>\n\n\n\n<p class=\"has-black-color has-text-color\" style=\"font-size:14px\">&gt;&gt; <a aria-label=\"Gerenciando a Unidade: gest\u00e3o interna, institucional e externa (opens in a new tab)\" href=\"https:\/\/capacitacaoeggp.vr.uff.br\/?p=2887\" target=\"_blank\" rel=\"noreferrer noopener\" class=\"ek-link\">Gerenciando a Unidade: gest\u00e3o interna, institucional e externa<\/a> (para Gestores)<\/p>\n\n\n\n<p style=\"font-size:14px\">&gt;&gt; <a aria-label=\"Gest\u00e3o de Unidades Acad\u00eamicas da UFF: Estrutura Organizacional, Sistemas e Rotinas (opens in a new tab)\" href=\"https:\/\/capacitacaoeggp.vr.uff.br\/?page_id=447\" target=\"_blank\" rel=\"noreferrer noopener\" class=\"ek-link\">Gest\u00e3o de Unidades Acad\u00eamicas da UFF: Estrutura Organizacional, Sistemas e Rotinas<\/a><\/p>\n\n\n\n<p style=\"font-size:14px\">&gt;&gt;<a href=\"https:\/\/capacitacaoeggp.vr.uff.br\/?page_id=450\" target=\"_blank\" rel=\"noreferrer noopener\" class=\"ek-link\"> Governan\u00e7a e Gest\u00e3o de Riscos<\/a><\/p>\n\n\n\n<p style=\"font-size:14px\">&gt;&gt; <a aria-label=\"Iniciando o Servi\u00e7o P\u00fablico na UFF (autoinstrucional) (opens in a new tab)\" href=\"https:\/\/capacitacaoeggp.vr.uff.br\/?p=1712\" target=\"_blank\" rel=\"noreferrer noopener\" class=\"ek-link\">Iniciando o Servi\u00e7o P\u00fablico na UFF (autoinstrucional)<\/a><\/p>\n\n\n\n<p class=\"has-black-color has-text-color\" style=\"font-size:14px\">&gt;&gt; <a aria-label=\" Curso Intelig\u00eancia Artificial Generativa no Ensino Superior  (opens in a new tab)\" href=\"https:\/\/capacitacaoeggp.vr.uff.br\/?p=3236\" target=\"_blank\" rel=\"noreferrer noopener\" class=\"ek-link\">Intelig\u00eancia Artificial Generativa no Ensino Superior<\/a><\/p>\n\n\n\n<p class=\"has-black-color has-text-color\" style=\"font-size:14px\">&gt;&gt; <a aria-label=\"Curso Introdu\u00e7\u00e3o \u00e0 Contrata\u00e7\u00e3o Direta na UFF (opens in a new tab)\" href=\"https:\/\/capacitacaoeggp.vr.uff.br\/?p=3678\" target=\"_blank\" rel=\"noreferrer noopener\" class=\"ek-link\">Introdu\u00e7\u00e3o \u00e0 Contrata\u00e7\u00e3o Direta na UFF<\/a><\/p>\n\n\n\n<p class=\"has-black-color has-text-color\" style=\"font-size:14px\">&gt;&gt;  <a aria-label=\"Curso Introdu\u00e7\u00e3o a Publica\u00e7\u00e3o de atos e comunicados no Boletim de Servi\u00e7o da UFF (opens in a new tab)\" href=\"https:\/\/capacitacaoeggp.vr.uff.br\/?p=3794\" target=\"_blank\" rel=\"noreferrer noopener\" class=\"ek-link\">Curso Introdu\u00e7\u00e3o a Publica\u00e7\u00e3o de atos e comunicados no Boletim de Servi\u00e7o da UFF<\/a><\/p>\n\n\n\n<p style=\"font-size:14px\">&gt;&gt; <a aria-label=\"Introdu\u00e7\u00e3o ao EaD e Produ\u00e7\u00e3o de Conte\u00fado Did\u00e1tico (opens in a new tab)\" href=\"https:\/\/capacitacaoeggp.vr.uff.br\/?page_id=473\" target=\"_blank\" rel=\"noreferrer noopener\" class=\"ek-link\">Introdu\u00e7\u00e3o ao EaD e Produ\u00e7\u00e3o de Conte\u00fado Did\u00e1tico<\/a><\/p>\n\n\n\n<p class=\"has-black-color has-text-color\" style=\"font-size:14px\">&gt;&gt; <a aria-label=\"Oficina Comunica\u00e7\u00e3o na Gest\u00e3o de Equipes H\u00edbridas (opens in a new tab)\" href=\"https:\/\/capacitacaoeggp.vr.uff.br\/?p=3238\" target=\"_blank\" rel=\"noreferrer noopener\" class=\"ek-link\">Oficina Comunica\u00e7\u00e3o na Gest\u00e3o de Equipes H\u00edbridas<\/a><\/p>\n\n\n\n<p class=\"has-black-color has-text-color\" style=\"font-size:14px\">&gt;&gt; <a href=\"https:\/\/capacitacaoeggp.vr.uff.br\/?p=3262\" target=\"_blank\" rel=\"noreferrer noopener\" class=\"ek-link\">Oficina para Comiss\u00f5es de Heteroidentifica\u00e7\u00e3o<\/a><\/p>\n\n\n\n<p class=\"has-black-color has-text-color\" style=\"font-size:14px\">&gt;&gt; <a aria-label=\" Palestra Viol\u00eancias de G\u00eanero e a Legisla\u00e7\u00e3o de Enfrentamento na Universidade (opens in a new tab)\" href=\"https:\/\/capacitacaoeggp.vr.uff.br\/?p=3783\" target=\"_blank\" rel=\"noreferrer noopener\" class=\"ek-link\">Palestra Viol\u00eancias de G\u00eanero e a Legisla\u00e7\u00e3o de Enfrentamento na Universidade<\/a><\/p>\n\n\n\n<p class=\"has-vivid-cyan-blue-color has-text-color\" style=\"font-size:14px\">&gt;&gt; <a aria-label=\"Planejamento PDU - Plano de Desenvolvimento de Unidades (opens in a new tab)\" href=\"https:\/\/capacitacaoeggp.vr.uff.br\/?page_id=475\" target=\"_blank\" rel=\"noreferrer noopener\" class=\"ek-link\">Planejamento PDU &#8211; Plano de Desenvolvimento de Unidades<\/a> (para Gestores)<\/p>\n\n\n\n<p style=\"font-size:14px\">&gt;&gt; <a aria-label=\"Praticando a Gest\u00e3o e Fiscaliza\u00e7\u00e3o de Contratos Administrativos (ENAP) (opens in a new tab)\" href=\"https:\/\/capacitacaoeggp.vr.uff.br\/?p=1683\" target=\"_blank\" rel=\"noreferrer noopener\" class=\"ek-link\">Praticando a Gest\u00e3o e Fiscaliza\u00e7\u00e3o de Contratos Administrativos (ENAP)<\/a><\/p>\n\n\n\n<p style=\"font-size:14px\">&gt;&gt; <a aria-label=\"Princ\u00edpios da Educa\u00e7\u00e3o On-line (opens in a new tab)\" href=\"https:\/\/capacitacaoeggp.vr.uff.br\/?page_id=477\" target=\"_blank\" rel=\"noreferrer noopener\" class=\"ek-link\">Princ\u00edpios da Educa\u00e7\u00e3o On-line<\/a><\/p>\n\n\n\n<p class=\"has-vivid-cyan-blue-color has-text-color\" style=\"font-size:14px\">&gt;&gt; <a aria-label=\"Recursos Educacionais Digitais (autoinstrucional) (opens in a new tab)\" href=\"https:\/\/capacitacaoeggp.vr.uff.br\/?page_id=479\" target=\"_blank\" rel=\"noreferrer noopener\" class=\"ek-link\">Recursos Educacionais Digitais (autoinstrucional)<\/a> <\/p>\n\n\n\n<p class=\"has-black-color has-text-color\" style=\"font-size:14px\">&gt;&gt; <a aria-label=\" Curso SIACompras (opens in a new tab)\" href=\"https:\/\/capacitacaoeggp.vr.uff.br\/?p=4158\" target=\"_blank\" rel=\"noreferrer noopener\" class=\"ek-link\">SIACompras<\/a><\/p>\n\n\n\n<p style=\"font-size:14px\">&gt;&gt; <a href=\"https:\/\/capacitacaoeggp.vr.uff.br\/?page_id=481\" target=\"_blank\" rel=\"noreferrer noopener\" class=\"ek-link\">Uso do SEI &#8211; UFF<\/a> <\/p>\n\n\n\n<p style=\"font-size:14px\">&gt;&gt; <a aria-label=\"Workshop Comunica\u00e7\u00e3o e Relacionamentos Saud\u00e1veis no Ambiente de Trabalho (opens in a new tab)\" href=\"https:\/\/capacitacaoeggp.vr.uff.br\/?p=2989\" target=\"_blank\" rel=\"noreferrer noopener\" class=\"ek-link\">Workshop Comunica\u00e7\u00e3o e Relacionamentos Saud\u00e1veis no Ambiente de Trabalho<\/a><\/p>\n\n\n\n<p class=\"has-black-color has-text-color\" style=\"font-size:14px\">&gt;&gt; <a aria-label=\"Workshop Comunica\u00e7\u00e3o n\u00e3o violenta no Trabalho e na Vid (opens in a new tab)\" href=\"https:\/\/capacitacaoeggp.vr.uff.br\/?p=3910\" target=\"_blank\" rel=\"noreferrer noopener\" class=\"ek-link\">Workshop Comunica\u00e7\u00e3o n\u00e3o violenta no Trabalho e na Vid<\/a>a<\/p>\n\n\n\n<p style=\"font-size:14px\">&gt;&gt; <a aria-label=\"Workshop de Sa\u00fade Vocal  (opens in a new tab)\" href=\"https:\/\/capacitacaoeggp.vr.uff.br\/?p=3006\" target=\"_blank\" rel=\"noreferrer noopener\" class=\"ek-link\">Workshop de Sa\u00fade Vocal<\/a> (para Docentes)<\/p>\n\n\n\n<hr class=\"wp-block-separator has-css-opacity is-style-wide\" \/>\n\n\n\n<p class=\"has-text-align-right\" style=\"font-size:16px\">&gt;&gt; <a aria-label=\"P\u00f3s-Gradua\u00e7\u00e3o (opens in a new tab)\" href=\"https:\/\/capacitacaoeggp.vr.uff.br\/?page_id=319\" target=\"_blank\" rel=\"noreferrer noopener\" class=\"ek-link\">P\u00f3s-Gradua\u00e7\u00e3o<\/a><\/p>\n\n\n\n<hr class=\"wp-block-separator has-css-opacity is-style-wide\" \/>\n\n\n\n<p class=\"has-text-align-right\" style=\"font-size:16px\">&gt;&gt;<a aria-label=\" In\u00edcio imediato (opens in a new tab)\" href=\"https:\/\/capacitacaoeggp.vr.uff.br\/?page_id=1027\" target=\"_blank\" rel=\"noreferrer noopener\" class=\"ek-link\"> In\u00edcio imediato<\/a><\/p>\n\n\n\n<hr class=\"wp-block-separator has-css-opacity is-style-wide\" \/>\n","protected":false},"excerpt":{"rendered":"<p>Inscri\u00e7\u00f5es abertas! &gt;&gt; Curso Intelig\u00eancia Artificial Generativa no Ensino Superior (Inscri\u00e7\u00f5es encerradas) Ofertas anteriores: &gt;&gt; Acolhimento Institucional (Programa de Recep\u00e7\u00e3o Docente) &gt;&gt; An\u00e1lise Estat\u00edstica Descritiva com Uso do R (ENAP) &gt;&gt; Aperfei\u00e7oamento Docente &gt;&gt; Aperfei\u00e7oamento Docente &#8211; M\u00f3dulo Sa\u00fade Mental &gt;&gt; Aspectos Pedag\u00f3gicos de estudantes com defici\u00eancia intelectual, Transtorno do Espectro Autista e Transtorno do&hellip;<\/p>\n","protected":false},"author":2,"featured_media":0,"parent":317,"menu_order":0,"comment_status":"closed","ping_status":"closed","template":"","meta":{"_editorskit_title_hidden":false,"_editorskit_reading_time":1,"_editorskit_is_block_options_detached":false,"_editorskit_block_options_position":"{}","_monsterinsights_skip_tracking":false,"_monsterinsights_sitenote_active":false,"_monsterinsights_sitenote_note":"","_monsterinsights_sitenote_category":0},"_links":{"self":[{"href":"https:\/\/capacitacaoeggp.vr.uff.br\/index.php?rest_route=\/wp\/v2\/pages\/106"}],"collection":[{"href":"https:\/\/capacitacaoeggp.vr.uff.br\/index.php?rest_route=\/wp\/v2\/pages"}],"about":[{"href":"https:\/\/capacitacaoeggp.vr.uff.br\/index.php?rest_route=\/wp\/v2\/types\/page"}],"author":[{"embeddable":true,"href":"https:\/\/capacitacaoeggp.vr.uff.br\/index.php?rest_route=\/wp\/v2\/users\/2"}],"replies":[{"embeddable":true,"href":"https:\/\/capacitacaoeggp.vr.uff.br\/index.php?rest_route=%2Fwp%2Fv2%2Fcomments&post=106"}],"version-history":[{"count":173,"href":"https:\/\/capacitacaoeggp.vr.uff.br\/index.php?rest_route=\/wp\/v2\/pages\/106\/revisions"}],"predecessor-version":[{"id":4328,"href":"https:\/\/capacitacaoeggp.vr.uff.br\/index.php?rest_route=\/wp\/v2\/pages\/106\/revisions\/4328"}],"up":[{"embeddable":true,"href":"https:\/\/capacitacaoeggp.vr.uff.br\/index.php?rest_route=\/wp\/v2\/pages\/317"}],"wp:attachment":[{"href":"https:\/\/capacitacaoeggp.vr.uff.br\/index.php?rest_route=%2Fwp%2Fv2%2Fmedia&parent=106"}],"curies":[{"name":"wp","href":"https:\/\/api.w.org\/{rel}","templated":true}]}}