{"id":1246,"date":"2022-03-16T14:51:03","date_gmt":"2022-03-16T17:51:03","guid":{"rendered":"https:\/\/capacitacaoeggp.vr.uff.br\/?page_id=1246"},"modified":"2023-01-11T17:45:11","modified_gmt":"2023-01-11T20:45:11","slug":"transparencia-2022-2","status":"publish","type":"page","link":"https:\/\/capacitacaoeggp.vr.uff.br\/?page_id=1246","title":{"rendered":"Transpar\u00eancia 2022"},"content":{"rendered":"\n<p style=\"font-size:18px\">A Universidade Federal Fluminense por meio da Pr\u00f3-Reitoria de Gest\u00e3o de Pessoas (PROGEPE) delega \u00e0 Escola de Governan\u00e7a em Gest\u00e3o P\u00fablica (EGGP) o planejamento e a execu\u00e7\u00e3o do <a aria-label=\" (opens in a new tab)\" href=\"https:\/\/capacitacaoeggp.vr.uff.br\/?page_id=1240\" target=\"_blank\" rel=\"noreferrer noopener\" class=\"ek-link\">Plano de Desenvolvimento de Pessoas (PDP) 2022.<\/a><br>Desta forma, a EGGP vem dar publicidade \u00e0s despesas mensais com a\u00e7\u00f5es de desenvolvimento executadas, conforme previsto no art.18 da Instru\u00e7\u00e3o Normativa SGP-ENAP\/SEDGG\/ME n\u00ba 21, de 1\u00ba de Fevereiro de 2021.<\/p>\n\n\n\n<hr class=\"wp-block-separator is-style-wide\" \/>\n\n\n\n<h2 class=\"wp-block-heading\" id=\"janeiro\">Janeiro<\/h2>\n\n\n\n<div class=\"wp-block-file\"><a id=\"wp-block-file--media-a2f947f1-809a-4b10-90d5-9e07aecf23ae\" href=\"https:\/\/capacitacaoeggp.vr.uff.br\/wp-content\/uploads\/2022\/04\/Apoio-a-Iniciativas-de-Capacitacao-Janeiro-de-2022.pdf\" target=\"_blank\" rel=\"noreferrer noopener\">Apoio-a-Iniciativas-de-Capacitacao-Janeiro-de-2022<\/a><a href=\"https:\/\/capacitacaoeggp.vr.uff.br\/wp-content\/uploads\/2022\/04\/Apoio-a-Iniciativas-de-Capacitacao-Janeiro-de-2022.pdf\" class=\"wp-block-file__button\" download aria-describedby=\"wp-block-file--media-a2f947f1-809a-4b10-90d5-9e07aecf23ae\">Baixar<\/a><\/div>\n\n\n\n<hr class=\"wp-block-separator is-style-wide\" \/>\n\n\n\n<h2 class=\"wp-block-heading\" id=\"fevereiro\">Fevereiro<\/h2>\n\n\n\n<div class=\"wp-block-file\"><a id=\"wp-block-file--media-00f42206-1ba1-47f2-b322-3c281450f59f\" href=\"https:\/\/capacitacaoeggp.vr.uff.br\/wp-content\/uploads\/2022\/04\/Cursos-fevereiro-de-2022.pdf\">Cursos-fevereiro-de-2022<\/a><a href=\"https:\/\/capacitacaoeggp.vr.uff.br\/wp-content\/uploads\/2022\/04\/Cursos-fevereiro-de-2022.pdf\" class=\"wp-block-file__button\" download aria-describedby=\"wp-block-file--media-00f42206-1ba1-47f2-b322-3c281450f59f\">Baixar<\/a><\/div>\n\n\n\n<hr class=\"wp-block-separator is-style-wide\" \/>\n\n\n\n<h2 class=\"wp-block-heading\" id=\"marco\">Mar\u00e7o<\/h2>\n\n\n\n<div class=\"wp-block-file\"><a id=\"wp-block-file--media-099ff4a5-9c73-4db3-adbd-14f1398da2ef\" href=\"https:\/\/capacitacaoeggp.vr.uff.br\/wp-content\/uploads\/2022\/04\/Apoio-a-Iniciativas-de-Capacitacao-marco-de-2022.pdf\" target=\"_blank\" rel=\"noreferrer noopener\">Apoio-a-Iniciativas-de-Capacitacao-marco-de-2022<\/a><a href=\"https:\/\/capacitacaoeggp.vr.uff.br\/wp-content\/uploads\/2022\/04\/Apoio-a-Iniciativas-de-Capacitacao-marco-de-2022.pdf\" class=\"wp-block-file__button\" download aria-describedby=\"wp-block-file--media-099ff4a5-9c73-4db3-adbd-14f1398da2ef\">Baixar<\/a><\/div>\n\n\n\n<div class=\"wp-block-file\"><a id=\"wp-block-file--media-617ed8e4-8d94-4189-8cf5-6fba9628fc4d\" href=\"https:\/\/capacitacaoeggp.vr.uff.br\/wp-content\/uploads\/2022\/04\/Cursos-marco-de-2022-1.pdf\" target=\"_blank\" rel=\"noreferrer noopener\">Cursos &#8211; mar\u00e7o de 2022<\/a><a href=\"https:\/\/capacitacaoeggp.vr.uff.br\/wp-content\/uploads\/2022\/04\/Cursos-marco-de-2022-1.pdf\" class=\"wp-block-file__button\" download aria-describedby=\"wp-block-file--media-617ed8e4-8d94-4189-8cf5-6fba9628fc4d\">Baixar<\/a><\/div>\n\n\n\n<hr class=\"wp-block-separator is-style-wide\" \/>\n\n\n\n<h2 class=\"wp-block-heading\" id=\"abril\">Abril<\/h2>\n\n\n\n<div class=\"wp-block-file\"><a id=\"wp-block-file--media-91a6d2fb-2515-44c0-b3d0-2c90fe241135\" href=\"https:\/\/capacitacaoeggp.vr.uff.br\/wp-content\/uploads\/2022\/05\/Cursos-abril-de-2022.pdf\" target=\"_blank\" rel=\"noreferrer noopener\">Cursos-abril-de-2022<\/a><a href=\"https:\/\/capacitacaoeggp.vr.uff.br\/wp-content\/uploads\/2022\/05\/Cursos-abril-de-2022.pdf\" class=\"wp-block-file__button\" download aria-describedby=\"wp-block-file--media-91a6d2fb-2515-44c0-b3d0-2c90fe241135\">Baixar<\/a><\/div>\n\n\n\n<div class=\"wp-block-file\"><a id=\"wp-block-file--media-50c6dc5c-dfad-4591-8c8d-1e7e65a5527b\" href=\"https:\/\/capacitacaoeggp.vr.uff.br\/wp-content\/uploads\/2022\/06\/Apoio-a-Iniciativas-de-Capacitacao-Maio-de-2022.pdf\" target=\"_blank\" rel=\"noreferrer noopener\">Apoio-a-Iniciativas-de-Capacitacao-Maio-de-2022<\/a><a href=\"https:\/\/capacitacaoeggp.vr.uff.br\/wp-content\/uploads\/2022\/06\/Apoio-a-Iniciativas-de-Capacitacao-Maio-de-2022.pdf\" class=\"wp-block-file__button\" download aria-describedby=\"wp-block-file--media-50c6dc5c-dfad-4591-8c8d-1e7e65a5527b\">Baixar<\/a><\/div>\n\n\n\n<hr class=\"wp-block-separator is-style-wide\" \/>\n\n\n\n<h2 class=\"wp-block-heading\" id=\"maio\">Maio<\/h2>\n\n\n\n<div class=\"wp-block-file\"><a id=\"wp-block-file--media-02770960-7202-462e-9998-979c5d5725b2\" href=\"https:\/\/capacitacaoeggp.vr.uff.br\/wp-content\/uploads\/2022\/06\/Cursos-maio-de-2022.pdf\">Cursos-maio-de-2022<\/a><a href=\"https:\/\/capacitacaoeggp.vr.uff.br\/wp-content\/uploads\/2022\/06\/Cursos-maio-de-2022.pdf\" class=\"wp-block-file__button\" download aria-describedby=\"wp-block-file--media-02770960-7202-462e-9998-979c5d5725b2\">Baixar<\/a><\/div>\n\n\n\n<hr class=\"wp-block-separator is-style-wide\" \/>\n\n\n\n<h2 class=\"wp-block-heading\" id=\"junho\">Junho<\/h2>\n\n\n\n<div class=\"wp-block-file\"><a id=\"wp-block-file--media-c03d8a15-4866-4011-aa0a-56891596b6cb\" href=\"https:\/\/capacitacaoeggp.vr.uff.br\/wp-content\/uploads\/2022\/07\/Apoio-a-Iniciativas-de-Capacitacao-junho-de-2022.pdf\" target=\"_blank\" rel=\"noreferrer noopener\">Apoio a Iniciativas de Capacita\u00e7\u00e3o &#8211; junho de 2022<\/a><a href=\"https:\/\/capacitacaoeggp.vr.uff.br\/wp-content\/uploads\/2022\/07\/Apoio-a-Iniciativas-de-Capacitacao-junho-de-2022.pdf\" class=\"wp-block-file__button\" download aria-describedby=\"wp-block-file--media-c03d8a15-4866-4011-aa0a-56891596b6cb\">Baixar<\/a><\/div>\n\n\n\n<div class=\"wp-block-file\"><a id=\"wp-block-file--media-ea7bed83-88fc-4bb2-8f99-dcc2bfc04848\" href=\"https:\/\/capacitacaoeggp.vr.uff.br\/wp-content\/uploads\/2022\/07\/Cursos-junho-de-2022.pdf\" target=\"_blank\" rel=\"noreferrer noopener\">Cursos &#8211; junho de 2022<\/a><a href=\"https:\/\/capacitacaoeggp.vr.uff.br\/wp-content\/uploads\/2022\/07\/Cursos-junho-de-2022.pdf\" class=\"wp-block-file__button\" download aria-describedby=\"wp-block-file--media-ea7bed83-88fc-4bb2-8f99-dcc2bfc04848\">Baixar<\/a><\/div>\n\n\n\n<div class=\"wp-block-file\"><a id=\"wp-block-file--media-fdb15061-f242-49d7-b0a2-9d06bf22de07\" href=\"https:\/\/capacitacaoeggp.vr.uff.br\/wp-content\/uploads\/2022\/07\/Programa-de-Qualificacao-Institucional-PQI-1\u00b0semestre-de-2022.pdf\" target=\"_blank\" rel=\"noreferrer noopener\">Programa de Qualifica\u00e7\u00e3o Institucional &#8211; PQI &#8211; 1\u00b0semestre de 2022<\/a><a href=\"https:\/\/capacitacaoeggp.vr.uff.br\/wp-content\/uploads\/2022\/07\/Programa-de-Qualificacao-Institucional-PQI-1\u00b0semestre-de-2022.pdf\" class=\"wp-block-file__button\" download aria-describedby=\"wp-block-file--media-fdb15061-f242-49d7-b0a2-9d06bf22de07\">Baixar<\/a><\/div>\n\n\n\n<hr class=\"wp-block-separator is-style-wide\" \/>\n\n\n\n<h2 class=\"wp-block-heading\" id=\"julho\">Julho<\/h2>\n\n\n\n<div class=\"wp-block-file\"><a id=\"wp-block-file--media-f7f562a7-21c5-4264-8451-f9b7d04c905c\" href=\"https:\/\/capacitacaoeggp.vr.uff.br\/wp-content\/uploads\/2022\/08\/Apoio-a-Iniciativas-de-Capacitacao-julho-de-2022.pdf\" target=\"_blank\" rel=\"noreferrer noopener\">Apoio-a-Iniciativas-de-Capacitacao-julho-de-2022<\/a><a href=\"https:\/\/capacitacaoeggp.vr.uff.br\/wp-content\/uploads\/2022\/08\/Apoio-a-Iniciativas-de-Capacitacao-julho-de-2022.pdf\" class=\"wp-block-file__button\" download aria-describedby=\"wp-block-file--media-f7f562a7-21c5-4264-8451-f9b7d04c905c\">Baixar<\/a><\/div>\n\n\n\n<div class=\"wp-block-file\"><a id=\"wp-block-file--media-46c579b9-1f23-4fc9-bd8e-4f5a4553fe00\" href=\"https:\/\/capacitacaoeggp.vr.uff.br\/wp-content\/uploads\/2022\/08\/Cursos-julho-de-2022.pdf\" target=\"_blank\" rel=\"noreferrer noopener\">Cursos-julho-de-2022<\/a><a href=\"https:\/\/capacitacaoeggp.vr.uff.br\/wp-content\/uploads\/2022\/08\/Cursos-julho-de-2022.pdf\" class=\"wp-block-file__button\" download aria-describedby=\"wp-block-file--media-46c579b9-1f23-4fc9-bd8e-4f5a4553fe00\">Baixar<\/a><\/div>\n\n\n\n<hr class=\"wp-block-separator is-style-wide\" \/>\n\n\n\n<h2 class=\"wp-block-heading\" id=\"agosto\">Agosto<\/h2>\n\n\n\n<div class=\"wp-block-file\"><a id=\"wp-block-file--media-7b1a7fad-3c53-4aa8-8694-a811d0aca87a\" href=\"https:\/\/capacitacaoeggp.vr.uff.br\/wp-content\/uploads\/2022\/09\/Apoio-a-Iniciativas-de-Capacitacao-agosto-de-2022-1.pdf\" target=\"_blank\" rel=\"noreferrer noopener\">Apoio-a-Iniciativas-de-Capacitacao-agosto-de-2022-1<\/a><a href=\"https:\/\/capacitacaoeggp.vr.uff.br\/wp-content\/uploads\/2022\/09\/Apoio-a-Iniciativas-de-Capacitacao-agosto-de-2022-1.pdf\" class=\"wp-block-file__button\" download aria-describedby=\"wp-block-file--media-7b1a7fad-3c53-4aa8-8694-a811d0aca87a\">Baixar<\/a><\/div>\n\n\n\n<div class=\"wp-block-file\"><a id=\"wp-block-file--media-8cb44040-77fa-45a4-8ed2-901898ceb53a\" href=\"https:\/\/capacitacaoeggp.vr.uff.br\/wp-content\/uploads\/2022\/09\/Cursos-agosto-de-2022.pdf\" target=\"_blank\" rel=\"noreferrer noopener\">Cursos-agosto-de-2022<\/a><a href=\"https:\/\/capacitacaoeggp.vr.uff.br\/wp-content\/uploads\/2022\/09\/Cursos-agosto-de-2022.pdf\" class=\"wp-block-file__button\" download aria-describedby=\"wp-block-file--media-8cb44040-77fa-45a4-8ed2-901898ceb53a\">Baixar<\/a><\/div>\n\n\n\n<hr class=\"wp-block-separator is-style-wide\" \/>\n\n\n\n<h2 class=\"wp-block-heading\" id=\"setembro\">Setembro<\/h2>\n\n\n\n<div class=\"wp-block-file\"><a id=\"wp-block-file--media-3ac8ed01-8aaf-4989-8523-d2d22d9362ac\" href=\"https:\/\/capacitacaoeggp.vr.uff.br\/wp-content\/uploads\/2022\/10\/Apoio-a-Iniciativas-de-Capacitacao-setembro-de-2022.pdf\" target=\"_blank\" rel=\"noreferrer noopener\">Apoio-a-Iniciativas-de-Capacitacao-setembro-de-2022<\/a><a href=\"https:\/\/capacitacaoeggp.vr.uff.br\/wp-content\/uploads\/2022\/10\/Apoio-a-Iniciativas-de-Capacitacao-setembro-de-2022.pdf\" class=\"wp-block-file__button\" download aria-describedby=\"wp-block-file--media-3ac8ed01-8aaf-4989-8523-d2d22d9362ac\">Baixar<\/a><\/div>\n\n\n\n<div class=\"wp-block-file\"><a id=\"wp-block-file--media-8f6ab83b-7c58-4b46-910e-007fdd2f9570\" href=\"https:\/\/capacitacaoeggp.vr.uff.br\/wp-content\/uploads\/2022\/10\/Cursos-setembro-de-2022.pdf\" target=\"_blank\" rel=\"noreferrer noopener\">Cursos-setembro-de-2022<\/a><a href=\"https:\/\/capacitacaoeggp.vr.uff.br\/wp-content\/uploads\/2022\/10\/Cursos-setembro-de-2022.pdf\" class=\"wp-block-file__button\" download aria-describedby=\"wp-block-file--media-8f6ab83b-7c58-4b46-910e-007fdd2f9570\">Baixar<\/a><\/div>\n\n\n\n<hr class=\"wp-block-separator has-text-color has-background has-black-background-color has-black-color is-style-wide\" \/>\n\n\n\n<h2 class=\"wp-block-heading\" id=\"outubro\">Outubro<\/h2>\n\n\n\n<div class=\"wp-block-file\"><a id=\"wp-block-file--media-cc24ec33-3bd5-4eef-9e3c-6b92a7e9251a\" href=\"https:\/\/capacitacaoeggp.vr.uff.br\/wp-content\/uploads\/2022\/11\/Apoio-a-Iniciativas-de-Capacitacao-outubro-de-2022-1.pdf\" target=\"_blank\" rel=\"noreferrer noopener\">Apoio-a-Iniciativas-de-Capacitacao-outubro-de-2022-1<\/a><a href=\"https:\/\/capacitacaoeggp.vr.uff.br\/wp-content\/uploads\/2022\/11\/Apoio-a-Iniciativas-de-Capacitacao-outubro-de-2022-1.pdf\" class=\"wp-block-file__button\" download aria-describedby=\"wp-block-file--media-cc24ec33-3bd5-4eef-9e3c-6b92a7e9251a\">Baixar<\/a><\/div>\n\n\n\n<div class=\"wp-block-file\"><a id=\"wp-block-file--media-780f2a03-fc6d-4bd1-b834-3e64be2fd360\" href=\"https:\/\/capacitacaoeggp.vr.uff.br\/wp-content\/uploads\/2022\/11\/Cursos-outubro-de-2022.pdf\" target=\"_blank\" rel=\"noreferrer noopener\">Cursos-outubro-de-2022<\/a><a href=\"https:\/\/capacitacaoeggp.vr.uff.br\/wp-content\/uploads\/2022\/11\/Cursos-outubro-de-2022.pdf\" class=\"wp-block-file__button\" download aria-describedby=\"wp-block-file--media-780f2a03-fc6d-4bd1-b834-3e64be2fd360\">Baixar<\/a><\/div>\n\n\n\n<hr class=\"wp-block-separator is-style-wide\" \/>\n\n\n\n<h2 class=\"wp-block-heading\" id=\"novembro\">Novembro<\/h2>\n\n\n\n<div class=\"wp-block-file\"><a id=\"wp-block-file--media-8cedd587-6238-4bec-87d6-fa2f7cf50de6\" href=\"https:\/\/capacitacaoeggp.vr.uff.br\/wp-content\/uploads\/2022\/12\/Apoio-a-Iniciativas-de-Capacitacao-novembro-de-2022.pdf\" target=\"_blank\" rel=\"noreferrer noopener\">Apoio-a-Iniciativas-de-Capacitacao-novembro-de-2022<\/a><a href=\"https:\/\/capacitacaoeggp.vr.uff.br\/wp-content\/uploads\/2022\/12\/Apoio-a-Iniciativas-de-Capacitacao-novembro-de-2022.pdf\" class=\"wp-block-file__button\" download aria-describedby=\"wp-block-file--media-8cedd587-6238-4bec-87d6-fa2f7cf50de6\">Baixar<\/a><\/div>\n\n\n\n<div class=\"wp-block-file\"><a id=\"wp-block-file--media-1c9a2596-d895-4559-aa10-28152aacc1db\" href=\"https:\/\/capacitacaoeggp.vr.uff.br\/wp-content\/uploads\/2022\/12\/Cursos-novembro-de-2022.pdf\" target=\"_blank\" rel=\"noreferrer noopener\">Cursos-novembro-de-2022<\/a><a href=\"https:\/\/capacitacaoeggp.vr.uff.br\/wp-content\/uploads\/2022\/12\/Cursos-novembro-de-2022.pdf\" class=\"wp-block-file__button\" download aria-describedby=\"wp-block-file--media-1c9a2596-d895-4559-aa10-28152aacc1db\">Baixar<\/a><\/div>\n\n\n\n<hr class=\"wp-block-separator is-style-wide\" \/>\n\n\n\n<h2 class=\"wp-block-heading\" id=\"dezembro\">Dezembro<\/h2>\n\n\n\n<div class=\"wp-block-file\"><a id=\"wp-block-file--media-ec9ebcd0-0cc2-4991-9051-3c1753518315\" href=\"https:\/\/capacitacaoeggp.vr.uff.br\/wp-content\/uploads\/2023\/01\/Apoio-a-Iniciativas-de-Capacitacao-dezembro-de-2022.pdf\" target=\"_blank\" rel=\"noreferrer noopener\">Apoio-a-Iniciativas-de-Capacitacao-dezembro-de-2022<\/a><a href=\"https:\/\/capacitacaoeggp.vr.uff.br\/wp-content\/uploads\/2023\/01\/Apoio-a-Iniciativas-de-Capacitacao-dezembro-de-2022.pdf\" class=\"wp-block-file__button\" download aria-describedby=\"wp-block-file--media-ec9ebcd0-0cc2-4991-9051-3c1753518315\">Baixar<\/a><\/div>\n\n\n\n<div class=\"wp-block-file\"><a id=\"wp-block-file--media-2d8325b8-ac2d-4a79-8a83-7337ee464435\" href=\"https:\/\/capacitacaoeggp.vr.uff.br\/wp-content\/uploads\/2023\/01\/Cursos-dezembro-de-2022.pdf\" target=\"_blank\" rel=\"noreferrer noopener\">Cursos-dezembro-de-2022<\/a><a href=\"https:\/\/capacitacaoeggp.vr.uff.br\/wp-content\/uploads\/2023\/01\/Cursos-dezembro-de-2022.pdf\" class=\"wp-block-file__button\" download aria-describedby=\"wp-block-file--media-2d8325b8-ac2d-4a79-8a83-7337ee464435\">Baixar<\/a><\/div>\n\n\n\n<div class=\"wp-block-file\"><a id=\"wp-block-file--media-756f8b46-3cd4-4292-a3d5-443ffcc5fb9f\" href=\"https:\/\/capacitacaoeggp.vr.uff.br\/wp-content\/uploads\/2023\/01\/Programa-de-Qualificacao-da-UFF-PQUFF-2022.pdf\" target=\"_blank\" rel=\"noreferrer noopener\">Programa-de-Qualificacao-da-UFF-PQUFF-2022<\/a><a href=\"https:\/\/capacitacaoeggp.vr.uff.br\/wp-content\/uploads\/2023\/01\/Programa-de-Qualificacao-da-UFF-PQUFF-2022.pdf\" class=\"wp-block-file__button\" download aria-describedby=\"wp-block-file--media-756f8b46-3cd4-4292-a3d5-443ffcc5fb9f\">Baixar<\/a><\/div>\n\n\n\n<div class=\"wp-block-file\"><a id=\"wp-block-file--media-6cef2b80-6054-46ec-a2a5-33b40ab4d0ae\" href=\"https:\/\/capacitacaoeggp.vr.uff.br\/wp-content\/uploads\/2023\/01\/Programa-de-Qualificacao-Institucional-PQI-1\u00b0-e-2o-semestres-de-2022.pdf\">Programa-de-Qualificacao-Institucional-PQI-1\u00b0-e-2o-semestres-de-2022<\/a><a href=\"https:\/\/capacitacaoeggp.vr.uff.br\/wp-content\/uploads\/2023\/01\/Programa-de-Qualificacao-Institucional-PQI-1\u00b0-e-2o-semestres-de-2022.pdf\" class=\"wp-block-file__button\" download aria-describedby=\"wp-block-file--media-6cef2b80-6054-46ec-a2a5-33b40ab4d0ae\">Baixar<\/a><\/div>\n\n\n\n<hr class=\"wp-block-separator is-style-wide\" \/>\n","protected":false},"excerpt":{"rendered":"<p>A Universidade Federal Fluminense por meio da Pr\u00f3-Reitoria de Gest\u00e3o de Pessoas (PROGEPE) delega \u00e0 Escola de Governan\u00e7a em Gest\u00e3o P\u00fablica (EGGP) o planejamento e a execu\u00e7\u00e3o do Plano de Desenvolvimento de Pessoas (PDP) 2022.Desta forma, a EGGP vem dar publicidade \u00e0s despesas mensais com a\u00e7\u00f5es de desenvolvimento executadas, conforme previsto no art.18 da Instru\u00e7\u00e3o&hellip;<\/p>\n","protected":false},"author":3,"featured_media":0,"parent":0,"menu_order":0,"comment_status":"closed","ping_status":"closed","template":"","meta":{"_editorskit_title_hidden":false,"_editorskit_reading_time":1,"_editorskit_is_block_options_detached":false,"_editorskit_block_options_position":"{}","_monsterinsights_skip_tracking":false,"_monsterinsights_sitenote_active":false,"_monsterinsights_sitenote_note":"","_monsterinsights_sitenote_category":0},"_links":{"self":[{"href":"https:\/\/capacitacaoeggp.vr.uff.br\/index.php?rest_route=\/wp\/v2\/pages\/1246"}],"collection":[{"href":"https:\/\/capacitacaoeggp.vr.uff.br\/index.php?rest_route=\/wp\/v2\/pages"}],"about":[{"href":"https:\/\/capacitacaoeggp.vr.uff.br\/index.php?rest_route=\/wp\/v2\/types\/page"}],"author":[{"embeddable":true,"href":"https:\/\/capacitacaoeggp.vr.uff.br\/index.php?rest_route=\/wp\/v2\/users\/3"}],"replies":[{"embeddable":true,"href":"https:\/\/capacitacaoeggp.vr.uff.br\/index.php?rest_route=%2Fwp%2Fv2%2Fcomments&post=1246"}],"version-history":[{"count":20,"href":"https:\/\/capacitacaoeggp.vr.uff.br\/index.php?rest_route=\/wp\/v2\/pages\/1246\/revisions"}],"predecessor-version":[{"id":2008,"href":"https:\/\/capacitacaoeggp.vr.uff.br\/index.php?rest_route=\/wp\/v2\/pages\/1246\/revisions\/2008"}],"wp:attachment":[{"href":"https:\/\/capacitacaoeggp.vr.uff.br\/index.php?rest_route=%2Fwp%2Fv2%2Fmedia&parent=1246"}],"curies":[{"name":"wp","href":"https:\/\/api.w.org\/{rel}","templated":true}]}}