{"id":1445,"date":"2022-05-12T15:36:34","date_gmt":"2022-05-12T18:36:34","guid":{"rendered":"https:\/\/capacitacaoeggp.vr.uff.br\/?page_id=1445"},"modified":"2025-11-11T18:57:39","modified_gmt":"2025-11-11T21:57:39","slug":"levantamento-de-necessidade-de-desenvolvimento-lnd","status":"publish","type":"page","link":"https:\/\/capacitacaoeggp.vr.uff.br\/?page_id=1445","title":{"rendered":"Levantamento de Necessidade de Desenvolvimento &#8211; LND"},"content":{"rendered":"\n<p class=\"has-text-align-justify has-black-color has-text-color\" style=\"font-size:15px\">J\u00e1 est\u00e1 dispon\u00edvel o formul\u00e1rio do&nbsp;<strong>Levantamento de Necessidades de Desenvolvimento (LND)<\/strong>, destinado aos gestores da Universidade Federal Fluminense, para preenchimento at\u00e9 <strong>15\/08\/2025<\/strong>. Acesse o formul\u00e1rio pelo<strong> link: <\/strong>&nbsp;<a class=\"\" href=\"https:\/\/forms.gle\/KCRqoGGgCsd8E2PE7\">https:\/\/forms.gle\/KCRqoGGgCsd8E2PE7<\/a><\/p>\n\n\n\n<p style=\"font-size:15px\"><\/p>\n\n\n\n<p class=\"has-text-align-justify has-black-color has-text-color\" style=\"font-size:15px\">O LND \u00e9 um instrumento peri\u00f3dico utilizado pela Pr\u00f3-Reitoria de Gest\u00e3o de Pessoas (Progepe) para identificar tanto as necessidades de desenvolvimento no exerc\u00edcio da fun\u00e7\u00e3o de chefia quanto as demandas individuais e coletivas das equipes sob sua lideran\u00e7a. As informa\u00e7\u00f5es obtidas subsidiar\u00e3o a elabora\u00e7\u00e3o do&nbsp;<strong>Plano de Desenvolvimento de Pessoas (PDP) 2026<\/strong>, contribuindo para o planejamento de a\u00e7\u00f5es de capacita\u00e7\u00e3o mais alinhadas \u00e0s reais demandas institucionais.<\/p>\n\n\n\n<p style=\"font-size:15px\"><\/p>\n\n\n\n<p class=\"has-text-align-justify has-black-color has-text-color\" style=\"font-size:15px\">O formul\u00e1rio apresenta orienta\u00e7\u00f5es claras sobre os crit\u00e9rios a serem considerados no preenchimento. Em caso de d\u00favidas, a chefia poder\u00e1 entrar em contato com a Equipe de Gest\u00e3o e Governan\u00e7a de Pessoas (EGGP) pelo e-mail:&nbsp;<strong><a>eggp.progepe@id.uff.br<\/a><\/strong>.<\/p>\n\n\n\n<p style=\"font-size:15px\"><\/p>\n\n\n\n<p class=\"has-black-color has-text-color\" style=\"font-size:15px\"><strong>Quem deve preencher?<\/strong><\/p>\n\n\n\n<p class=\"has-text-align-justify has-black-color has-text-color\" style=\"font-size:15px\">S\u00e3o considerados(as) gestores(as) os(as) ocupantes de&nbsp;<strong>Cargos de Dire\u00e7\u00e3o (CDs), Fun\u00e7\u00f5es Gratificadas (FGs) e Fun\u00e7\u00f5es Comissionadas de Coordena\u00e7\u00e3o (FCCs)<\/strong>&nbsp;em n\u00edvel de chefia, coordena\u00e7\u00e3o, dire\u00e7\u00e3o, assessoria, pr\u00f3-reitoria, superintend\u00eancia e demais fun\u00e7\u00f5es de lideran\u00e7a em Unidades Administrativas ou Acad\u00eamicas da Universidade.<\/p>\n\n\n\n<p class=\"has-text-align-justify has-black-color has-text-color\" style=\"font-size:15px\">Cada chefia imediata deve preencher o LND com base nas demandas da equipe que coordena. Tamb\u00e9m \u00e9 poss\u00edvel que a chefia mediata preencha o formul\u00e1rio em nome de toda a hierarquia vinculada, caso seja pertinente. Em todos os casos, \u00e9 essencial que o(a) gestor(a) se re\u00fana previamente com sua equipe para levantar, de forma colaborativa, as necessidades de desenvolvimento.<\/p>\n\n\n\n<p class=\"has-black-color has-text-color\" style=\"font-size:15px\"><strong>Informa\u00e7\u00f5es importantes:<\/strong><\/p>\n\n\n\n<p class=\"has-black-color has-text-color\" style=\"font-size:15px\">&gt;&gt; O preenchimento deve ser feito com o e-mail institucional&nbsp;<strong>@id.uff.br<\/strong>, o que possibilita salvar e retomar o formul\u00e1rio a qualquer momento, sem perda das informa\u00e7\u00f5es j\u00e1 inseridas.<\/p>\n\n\n\n<p class=\"has-black-color has-text-color\" style=\"font-size:15px\">&gt;&gt; <strong>Prazo para preenchimento: at\u00e9 01 de agosto de 2025.<\/strong><\/p>\n\n\n\n<p class=\"has-black-color has-text-color\" style=\"font-size:15px\">&gt;&gt; <strong>Acesse o formul\u00e1rio pelo link:<\/strong>&nbsp;<a class=\"ek-link\" href=\"https:\/\/forms.gle\/KCRqoGGgCsd8E2PE7\">https:\/\/forms.gle\/KCRqoGGgCsd8E2PE7<\/a><\/p>\n\n\n\n<p class=\"has-black-color has-text-color\" style=\"font-size:15px\"><br>Em caso de d\u00favidas, acesse <a aria-label=\"este FAQ (opens in a new tab)\" href=\"https:\/\/capacitacaoeggp.vr.uff.br\/wp-content\/uploads\/2022\/05\/FAQ-LND-e-PDP-2023.pdf\" target=\"_blank\" rel=\"noreferrer noopener\" class=\"ek-link\">este FAQ<\/a> e entenda a import\u00e2ncia do LND para a UFF.<\/p>\n\n\n\n<hr class=\"wp-block-separator has-alpha-channel-opacity\" \/>\n\n\n\n<h2 class=\"wp-block-heading has-text-align-center\"><a href=\"https:\/\/capacitacaoeggp.vr.uff.br\/wp-content\/uploads\/2025\/11\/Relatorio-Levantamento-de-Necessidades-de-Desenvolvimento-LND-2025.pdf\" class=\"ek-link\">Acesse aqui o Relat\u00f3rio LND 2025<\/a><\/h2>\n\n\n\n<hr class=\"wp-block-separator has-alpha-channel-opacity\" \/>\n\n\n\n<h2 class=\"wp-block-heading has-text-align-center\">Acesse <a href=\"https:\/\/capacitacaoeggp.vr.uff.br\/wp-content\/uploads\/2024\/03\/Relatorio-LND-2022_2023_compressed.pdf\" target=\"_blank\" aria-label=\"aqui (opens in a new tab)\" rel=\"noreferrer noopener\" class=\"ek-link\">aqui<\/a> o Relat\u00f3rio LND 2023<\/h2>\n","protected":false},"excerpt":{"rendered":"<p>J\u00e1 est\u00e1 dispon\u00edvel o formul\u00e1rio do&nbsp;Levantamento de Necessidades de Desenvolvimento (LND), destinado aos gestores da Universidade Federal Fluminense, para preenchimento at\u00e9 15\/08\/2025. Acesse o formul\u00e1rio pelo link: &nbsp;https:\/\/forms.gle\/KCRqoGGgCsd8E2PE7 O LND \u00e9 um instrumento peri\u00f3dico utilizado pela Pr\u00f3-Reitoria de Gest\u00e3o de Pessoas (Progepe) para identificar tanto as necessidades de desenvolvimento no exerc\u00edcio da fun\u00e7\u00e3o de chefia&hellip;<\/p>\n","protected":false},"author":3,"featured_media":0,"parent":50,"menu_order":0,"comment_status":"closed","ping_status":"closed","template":"","meta":{"_editorskit_title_hidden":false,"_editorskit_reading_time":1,"_editorskit_is_block_options_detached":false,"_editorskit_block_options_position":"{}","_monsterinsights_skip_tracking":false,"_monsterinsights_sitenote_active":false,"_monsterinsights_sitenote_note":"","_monsterinsights_sitenote_category":0},"_links":{"self":[{"href":"https:\/\/capacitacaoeggp.vr.uff.br\/index.php?rest_route=\/wp\/v2\/pages\/1445"}],"collection":[{"href":"https:\/\/capacitacaoeggp.vr.uff.br\/index.php?rest_route=\/wp\/v2\/pages"}],"about":[{"href":"https:\/\/capacitacaoeggp.vr.uff.br\/index.php?rest_route=\/wp\/v2\/types\/page"}],"author":[{"embeddable":true,"href":"https:\/\/capacitacaoeggp.vr.uff.br\/index.php?rest_route=\/wp\/v2\/users\/3"}],"replies":[{"embeddable":true,"href":"https:\/\/capacitacaoeggp.vr.uff.br\/index.php?rest_route=%2Fwp%2Fv2%2Fcomments&post=1445"}],"version-history":[{"count":15,"href":"https:\/\/capacitacaoeggp.vr.uff.br\/index.php?rest_route=\/wp\/v2\/pages\/1445\/revisions"}],"predecessor-version":[{"id":4042,"href":"https:\/\/capacitacaoeggp.vr.uff.br\/index.php?rest_route=\/wp\/v2\/pages\/1445\/revisions\/4042"}],"up":[{"embeddable":true,"href":"https:\/\/capacitacaoeggp.vr.uff.br\/index.php?rest_route=\/wp\/v2\/pages\/50"}],"wp:attachment":[{"href":"https:\/\/capacitacaoeggp.vr.uff.br\/index.php?rest_route=%2Fwp%2Fv2%2Fmedia&parent=1445"}],"curies":[{"name":"wp","href":"https:\/\/api.w.org\/{rel}","templated":true}]}}