{"id":2208,"date":"2023-03-07T15:41:18","date_gmt":"2023-03-07T18:41:18","guid":{"rendered":"https:\/\/capacitacaoeggp.vr.uff.br\/?page_id=2208"},"modified":"2024-07-16T21:57:01","modified_gmt":"2024-07-17T00:57:01","slug":"transparencia-2023","status":"publish","type":"page","link":"https:\/\/capacitacaoeggp.vr.uff.br\/?page_id=2208","title":{"rendered":"Transpar\u00eancia 2023"},"content":{"rendered":"\n<p class=\"has-text-align-justify has-black-color has-text-color\" style=\"font-size:18px\">A Universidade Federal Fluminense por meio da Pr\u00f3-Reitoria de Gest\u00e3o de Pessoas (PROGEPE) delega \u00e0 Escola de Governan\u00e7a em Gest\u00e3o P\u00fablica (EGGP) o planejamento e a execu\u00e7\u00e3o do Plano de Desenvolvimento de Pessoas (PDP) 2023.<br>Desta forma, a EGGP vem dar publicidade \u00e0s despesas mensais com a\u00e7\u00f5es de desenvolvimento executadas, conforme previsto no <a href=\"https:\/\/www.in.gov.br\/en\/web\/dou\/-\/instrucao-normativa-sgp-enap\/sedgg\/me-n-21-de-1-de-fevereiro-de-2021-302021570\" class=\"ek-link\">art.18 da Instru\u00e7\u00e3o Normativa SGP-ENAP\/SEDGG\/ME n\u00ba 21, de 1\u00ba de Fevereiro de 2021.<\/a><\/p>\n\n\n\n<hr class=\"wp-block-separator has-css-opacity is-style-wide\" \/>\n\n\n\n<h2 class=\"wp-block-heading\" id=\"janeiro\">Janeiro<\/h2>\n\n\n\n<div class=\"wp-block-file\"><a id=\"wp-block-file--media-4802241d-c9b1-4d1a-afae-b9274298c31a\" href=\"https:\/\/capacitacaoeggp.vr.uff.br\/wp-content\/uploads\/2023\/03\/Apoio-a-Iniciativas-de-capacitacao-janeiro-de-2023-1.pdf\" target=\"_blank\" rel=\"noreferrer noopener\">Apoio-a-Iniciativas-de-capacitacao-janeiro-de-2023-1<\/a><a href=\"https:\/\/capacitacaoeggp.vr.uff.br\/wp-content\/uploads\/2023\/03\/Apoio-a-Iniciativas-de-capacitacao-janeiro-de-2023-1.pdf\" class=\"wp-block-file__button wp-element-button\" download aria-describedby=\"wp-block-file--media-4802241d-c9b1-4d1a-afae-b9274298c31a\">Baixar<\/a><\/div>\n\n\n\n<div class=\"wp-block-file\"><a id=\"wp-block-file--media-fdd077a9-526d-4d58-a75a-5460e27b0143\" href=\"https:\/\/capacitacaoeggp.vr.uff.br\/wp-content\/uploads\/2023\/04\/Transparencia_EGGP_-_Cursos_-_Janeiro_2023_28129_assinado.pdf\" target=\"_blank\" rel=\"noreferrer noopener\">Cursos &#8211; janeiro &#8211; 2023<\/a><a href=\"https:\/\/capacitacaoeggp.vr.uff.br\/wp-content\/uploads\/2023\/04\/Transparencia_EGGP_-_Cursos_-_Janeiro_2023_28129_assinado.pdf\" class=\"wp-block-file__button wp-element-button\" download aria-describedby=\"wp-block-file--media-fdd077a9-526d-4d58-a75a-5460e27b0143\">Baixar<\/a><\/div>\n\n\n\n<hr class=\"wp-block-separator has-css-opacity is-style-wide\" \/>\n\n\n\n<h2 class=\"wp-block-heading\" id=\"fevereiro\">Fevereiro<\/h2>\n\n\n\n<div class=\"wp-block-file\"><a id=\"wp-block-file--media-aca7782c-6108-4f67-a8cb-089992f6b728\" href=\"https:\/\/capacitacaoeggp.vr.uff.br\/wp-content\/uploads\/2023\/03\/Apoio-a-Iniciativas-de-Capacitacao-fevereiro-de-2023.pdf\" target=\"_blank\" rel=\"noreferrer noopener\">Apoio-a-Iniciativas-de-Capacitacao-fevereiro-de-2023<\/a><a href=\"https:\/\/capacitacaoeggp.vr.uff.br\/wp-content\/uploads\/2023\/03\/Apoio-a-Iniciativas-de-Capacitacao-fevereiro-de-2023.pdf\" class=\"wp-block-file__button wp-element-button\" download aria-describedby=\"wp-block-file--media-aca7782c-6108-4f67-a8cb-089992f6b728\">Baixar<\/a><\/div>\n\n\n\n<div class=\"wp-block-file\"><a id=\"wp-block-file--media-04cefb29-052b-46b3-9924-8ae3c86f5001\" href=\"https:\/\/capacitacaoeggp.vr.uff.br\/wp-content\/uploads\/2023\/04\/Transparencia_EGGP_-_Cursos_-_Fevereiro_2023_28129_assinado.pdf\" target=\"_blank\" rel=\"noreferrer noopener\">Cursos &#8211; fevereiro &#8211; 2023<\/a><a href=\"https:\/\/capacitacaoeggp.vr.uff.br\/wp-content\/uploads\/2023\/04\/Transparencia_EGGP_-_Cursos_-_Fevereiro_2023_28129_assinado.pdf\" class=\"wp-block-file__button wp-element-button\" download aria-describedby=\"wp-block-file--media-04cefb29-052b-46b3-9924-8ae3c86f5001\">Baixar<\/a><\/div>\n\n\n\n<hr class=\"wp-block-separator has-css-opacity is-style-wide\" \/>\n\n\n\n<h2 class=\"wp-block-heading\" id=\"marco\">Mar\u00e7o<\/h2>\n\n\n\n<div class=\"wp-block-file\"><a id=\"wp-block-file--media-252af36f-5e72-4e48-a75f-f17e9ccd4a63\" href=\"https:\/\/capacitacaoeggp.vr.uff.br\/wp-content\/uploads\/2023\/04\/Transparencia_EGGP_-_Cursos_-_Marco_2023_28129_assinado.pdf\">Cursos &#8211; mar\u00e7o &#8211; 2023<\/a><a href=\"https:\/\/capacitacaoeggp.vr.uff.br\/wp-content\/uploads\/2023\/04\/Transparencia_EGGP_-_Cursos_-_Marco_2023_28129_assinado.pdf\" class=\"wp-block-file__button wp-element-button\" download aria-describedby=\"wp-block-file--media-252af36f-5e72-4e48-a75f-f17e9ccd4a63\">Baixar<\/a><\/div>\n\n\n\n<hr class=\"wp-block-separator has-css-opacity is-style-wide\" \/>\n\n\n\n<h2 class=\"wp-block-heading\" id=\"abril\">Abril<\/h2>\n\n\n\n<div class=\"wp-block-file\"><a id=\"wp-block-file--media-8877bc87-b50c-46e6-a1cf-1c6c3b8b7799\" href=\"https:\/\/capacitacaoeggp.vr.uff.br\/wp-content\/uploads\/2023\/05\/Cursos-abril-2023-2.pdf\">Cursos-abril-2023-2<\/a><a href=\"https:\/\/capacitacaoeggp.vr.uff.br\/wp-content\/uploads\/2023\/05\/Cursos-abril-2023-2.pdf\" class=\"wp-block-file__button wp-element-button\" download aria-describedby=\"wp-block-file--media-8877bc87-b50c-46e6-a1cf-1c6c3b8b7799\">Baixar<\/a><\/div>\n\n\n\n<hr class=\"wp-block-separator has-alpha-channel-opacity is-style-wide\" \/>\n\n\n\n<h2 class=\"wp-block-heading\">Maio<\/h2>\n\n\n\n<div class=\"wp-block-file\"><a id=\"wp-block-file--media-d710d96e-b520-4cf2-8cf8-dc31d94c74b4\" href=\"https:\/\/capacitacaoeggp.vr.uff.br\/wp-content\/uploads\/2023\/06\/Cursos-maio-2023.pdf\" target=\"_blank\" rel=\"noreferrer noopener\">Cursos-maio-2023<\/a><a href=\"https:\/\/capacitacaoeggp.vr.uff.br\/wp-content\/uploads\/2023\/06\/Cursos-maio-2023.pdf\" class=\"wp-block-file__button wp-element-button\" download aria-describedby=\"wp-block-file--media-d710d96e-b520-4cf2-8cf8-dc31d94c74b4\">Baixar<\/a><\/div>\n\n\n\n<hr class=\"wp-block-separator has-alpha-channel-opacity is-style-wide\" \/>\n\n\n\n<h2 class=\"wp-block-heading\">Junho<\/h2>\n\n\n\n<div class=\"wp-block-file\"><a id=\"wp-block-file--media-f3b5228f-f41e-415e-9a9b-d5d8c34f5c46\" href=\"https:\/\/capacitacaoeggp.vr.uff.br\/wp-content\/uploads\/2023\/07\/Apoio-a-Iniciativas-de-Capacitacao-junho-2023.pdf\" target=\"_blank\" rel=\"noreferrer noopener\">Apoio-a-Iniciativas-de-Capacitacao-junho-2023<\/a><a href=\"https:\/\/capacitacaoeggp.vr.uff.br\/wp-content\/uploads\/2023\/07\/Apoio-a-Iniciativas-de-Capacitacao-junho-2023.pdf\" class=\"wp-block-file__button wp-element-button\" download aria-describedby=\"wp-block-file--media-f3b5228f-f41e-415e-9a9b-d5d8c34f5c46\">Baixar<\/a><\/div>\n\n\n\n<div class=\"wp-block-file\"><a id=\"wp-block-file--media-3047bd1d-5706-418d-8815-a72bd0387b15\" href=\"https:\/\/capacitacaoeggp.vr.uff.br\/wp-content\/uploads\/2023\/07\/Cursos-junho-2023-4.pdf\" target=\"_blank\" rel=\"noreferrer noopener\">Cursos-junho-2023-4<\/a><a href=\"https:\/\/capacitacaoeggp.vr.uff.br\/wp-content\/uploads\/2023\/07\/Cursos-junho-2023-4.pdf\" class=\"wp-block-file__button wp-element-button\" download aria-describedby=\"wp-block-file--media-3047bd1d-5706-418d-8815-a72bd0387b15\">Baixar<\/a><\/div>\n\n\n\n<div class=\"wp-block-file\"><a id=\"wp-block-file--media-492d8e42-dc7b-449c-a412-1db266eeff41\" href=\"https:\/\/capacitacaoeggp.vr.uff.br\/wp-content\/uploads\/2023\/07\/Programa-de-Qualificacao-Institucional-PQI-1\u00b0-semestre.pdf\" target=\"_blank\" rel=\"noreferrer noopener\">Programa-de-Qualificacao-Institucional-PQI-1\u00b0-semestre<\/a><a href=\"https:\/\/capacitacaoeggp.vr.uff.br\/wp-content\/uploads\/2023\/07\/Programa-de-Qualificacao-Institucional-PQI-1\u00b0-semestre.pdf\" class=\"wp-block-file__button wp-element-button\" download aria-describedby=\"wp-block-file--media-492d8e42-dc7b-449c-a412-1db266eeff41\">Baixar<\/a><\/div>\n\n\n\n<hr class=\"wp-block-separator has-alpha-channel-opacity is-style-wide\" \/>\n\n\n\n<h2 class=\"wp-block-heading\">Julho<\/h2>\n\n\n\n<div class=\"wp-block-file\"><a id=\"wp-block-file--media-3a9cf722-a38d-4c90-b46d-b4e5b7e8453c\" href=\"https:\/\/capacitacaoeggp.vr.uff.br\/wp-content\/uploads\/2023\/08\/Apoio-a-Iniciativas-de-Capacitacao-julho-2023.pdf\" target=\"_blank\" rel=\"noreferrer noopener\">Apoio-a-Iniciativas-de-Capacitacao-julho-2023<\/a><a href=\"https:\/\/capacitacaoeggp.vr.uff.br\/wp-content\/uploads\/2023\/08\/Apoio-a-Iniciativas-de-Capacitacao-julho-2023.pdf\" class=\"wp-block-file__button wp-element-button\" download aria-describedby=\"wp-block-file--media-3a9cf722-a38d-4c90-b46d-b4e5b7e8453c\">Baixar<\/a><\/div>\n\n\n\n<div class=\"wp-block-file\"><a id=\"wp-block-file--media-af057533-196a-475e-8631-3b22ff666a6d\" href=\"https:\/\/capacitacaoeggp.vr.uff.br\/wp-content\/uploads\/2023\/08\/Cursos-julho-2023-2.pdf\" target=\"_blank\" rel=\"noreferrer noopener\">Cursos-julho-2023-2<\/a><a href=\"https:\/\/capacitacaoeggp.vr.uff.br\/wp-content\/uploads\/2023\/08\/Cursos-julho-2023-2.pdf\" class=\"wp-block-file__button wp-element-button\" download aria-describedby=\"wp-block-file--media-af057533-196a-475e-8631-3b22ff666a6d\">Baixar<\/a><\/div>\n\n\n\n<hr class=\"wp-block-separator has-alpha-channel-opacity is-style-wide\" \/>\n\n\n\n<h2 class=\"wp-block-heading\">Agosto<\/h2>\n\n\n\n<div class=\"wp-block-file\"><a id=\"wp-block-file--media-7d3497fb-5d4e-4aa1-b00c-cdb7c1ff0e52\" href=\"https:\/\/capacitacaoeggp.vr.uff.br\/wp-content\/uploads\/2023\/09\/Cursos-e-Apoio-a-Iniciativas-de-capacitacao-agosto-de-2023.pdf\" target=\"_blank\" rel=\"noreferrer noopener\">Cursos-e-Apoio-a-Iniciativas-de-capacitacao-agosto-de-2023<\/a><a href=\"https:\/\/capacitacaoeggp.vr.uff.br\/wp-content\/uploads\/2023\/09\/Cursos-e-Apoio-a-Iniciativas-de-capacitacao-agosto-de-2023.pdf\" class=\"wp-block-file__button wp-element-button\" download aria-describedby=\"wp-block-file--media-7d3497fb-5d4e-4aa1-b00c-cdb7c1ff0e52\">Baixar<\/a><\/div>\n\n\n\n<hr class=\"wp-block-separator has-alpha-channel-opacity is-style-wide\" \/>\n\n\n\n<h2 class=\"wp-block-heading\">Setembro<\/h2>\n\n\n\n<div class=\"wp-block-file\"><a id=\"wp-block-file--media-0f86fda1-5204-4ff1-b7b7-25cf9ffd6f58\" href=\"https:\/\/capacitacaoeggp.vr.uff.br\/wp-content\/uploads\/2023\/10\/Cursos-e-Apoio-a-Iniciativas-de-Capacitacao-setembro-de-2023.pdf\" target=\"_blank\" rel=\"noreferrer noopener\">Cursos-e-Apoio-a-Iniciativas-de-Capacitacao-setembro-de-2023<\/a><a href=\"https:\/\/capacitacaoeggp.vr.uff.br\/wp-content\/uploads\/2023\/10\/Cursos-e-Apoio-a-Iniciativas-de-Capacitacao-setembro-de-2023.pdf\" class=\"wp-block-file__button wp-element-button\" download aria-describedby=\"wp-block-file--media-0f86fda1-5204-4ff1-b7b7-25cf9ffd6f58\">Baixar<\/a><\/div>\n\n\n\n<hr class=\"wp-block-separator has-alpha-channel-opacity is-style-wide\" \/>\n\n\n\n<h2 class=\"wp-block-heading\">Outubro<\/h2>\n\n\n\n<div class=\"wp-block-file\"><a id=\"wp-block-file--media-18ed1a5b-da90-43d5-a6f0-dd32bab40895\" href=\"https:\/\/capacitacaoeggp.vr.uff.br\/wp-content\/uploads\/2023\/11\/Cursos-e-Apoio-a-Iniciativas-de-Capacitacao-Outubro-de-2023.pdf\" target=\"_blank\" rel=\"noreferrer noopener\">Cursos-e-Apoio-a-Iniciativas-de-Capacitacao-Outubro-de-2023<\/a><a href=\"https:\/\/capacitacaoeggp.vr.uff.br\/wp-content\/uploads\/2023\/11\/Cursos-e-Apoio-a-Iniciativas-de-Capacitacao-Outubro-de-2023.pdf\" class=\"wp-block-file__button wp-element-button\" download aria-describedby=\"wp-block-file--media-18ed1a5b-da90-43d5-a6f0-dd32bab40895\">Baixar<\/a><\/div>\n\n\n\n<hr class=\"wp-block-separator has-alpha-channel-opacity is-style-wide\" \/>\n\n\n\n<h2 class=\"wp-block-heading\">Novembro<\/h2>\n\n\n\n<div class=\"wp-block-file\"><a id=\"wp-block-file--media-f515e49d-4b7f-4074-8167-fe9288c88fbd\" href=\"https:\/\/capacitacaoeggp.vr.uff.br\/wp-content\/uploads\/2024\/01\/Cursos-e-Apoio-a-Iniciativas-de-Capacitacao-Novembro-de-2023-1.pdf\" target=\"_blank\" rel=\"noreferrer noopener\">Cursos-e-Apoio-a-Iniciativas-de-Capacitacao-Novembro-de-2023-1 (atualizado 10\/01\/2024)<\/a><a href=\"https:\/\/capacitacaoeggp.vr.uff.br\/wp-content\/uploads\/2024\/01\/Cursos-e-Apoio-a-Iniciativas-de-Capacitacao-Novembro-de-2023-1.pdf\" class=\"wp-block-file__button wp-element-button\" download aria-describedby=\"wp-block-file--media-f515e49d-4b7f-4074-8167-fe9288c88fbd\">Baixar<\/a><\/div>\n\n\n\n<hr class=\"wp-block-separator has-alpha-channel-opacity is-style-wide\" \/>\n\n\n\n<h2 class=\"wp-block-heading\">Dezembro<\/h2>\n\n\n\n<div class=\"wp-block-file\"><a id=\"wp-block-file--media-b5282a45-9d82-4b94-957e-ec95e6e809b8\" href=\"https:\/\/capacitacaoeggp.vr.uff.br\/wp-content\/uploads\/2024\/07\/Transparencia_Mensal_-_Cursos_e_AIC_-_2023_-_Dezembro_assinado.pdf\">Transparencia_Mensal_-_Cursos_e_AIC_-_2023_-_Dezembro_assinado<\/a><a href=\"https:\/\/capacitacaoeggp.vr.uff.br\/wp-content\/uploads\/2024\/07\/Transparencia_Mensal_-_Cursos_e_AIC_-_2023_-_Dezembro_assinado.pdf\" class=\"wp-block-file__button wp-element-button\" download aria-describedby=\"wp-block-file--media-b5282a45-9d82-4b94-957e-ec95e6e809b8\">Baixar<\/a><\/div>\n\n\n\n<div class=\"wp-block-file\"><a id=\"wp-block-file--media-c5b11760-8d5a-42cb-a04c-2d1f6efe08bf\" href=\"https:\/\/capacitacaoeggp.vr.uff.br\/wp-content\/uploads\/2024\/01\/Programa-de-Auxilio-Qualificacao-PQUFF-Resultado.pdf\" target=\"_blank\" rel=\"noreferrer noopener\">Programa-de-Auxilio-Qualificacao-PQUFF-Resultado<\/a><a href=\"https:\/\/capacitacaoeggp.vr.uff.br\/wp-content\/uploads\/2024\/01\/Programa-de-Auxilio-Qualificacao-PQUFF-Resultado.pdf\" class=\"wp-block-file__button wp-element-button\" download aria-describedby=\"wp-block-file--media-c5b11760-8d5a-42cb-a04c-2d1f6efe08bf\">Baixar<\/a><\/div>\n\n\n\n<hr class=\"wp-block-separator has-alpha-channel-opacity is-style-wide\" \/>\n\n\n\n<p class=\"has-text-align-center\"><a href=\"https:\/\/app.powerbi.com\/view?r=eyJrIjoiZmJhZTQwM2YtZjcwOC00YjA1LWJhMWQtZDZmZDIwYjkzYmE0IiwidCI6ImIyZTE2Mjk3LTJlZDYtNDFiOC1iODIyLWE5NTRlOTViZDJmMCIsImMiOjR9\" target=\"_blank\" aria-label=\" (opens in a new tab)\" rel=\"noreferrer noopener\" class=\"ek-link\">Resumo das A\u00e7\u00f5es de Capacita\u00e7\u00e3o &#8211; 2023&nbsp;<\/a><\/p>\n\n\n\n<p class=\"has-text-align-center\"><a href=\"https:\/\/app.powerbi.com\/view?r=eyJrIjoiOTYwYjkyMjAtY2VhYi00NTJkLWE1NjYtODUwMWVlMTY2ZGRmIiwidCI6ImIyZTE2Mjk3LTJlZDYtNDFiOC1iODIyLWE5NTRlOTViZDJmMCIsImMiOjR9\" target=\"_blank\" aria-label=\" (opens in a new tab)\" rel=\"noreferrer noopener\" class=\"ek-link\">Resumo AIC &#8211; 2023<\/a><\/p>\n\n\n\n<p class=\"has-text-align-center\"><a href=\"https:\/\/app.powerbi.com\/view?r=eyJrIjoiYzYzMzNhMjItNTkyZi00YzMzLThiMjktNmUzZGFhOWQ0OTAxIiwidCI6ImIyZTE2Mjk3LTJlZDYtNDFiOC1iODIyLWE5NTRlOTViZDJmMCIsImMiOjR9\" target=\"_blank\" aria-label=\" (opens in a new tab)\" rel=\"noreferrer noopener\" class=\"ek-link\">Resumo PQI (Programa de Qualifica\u00e7\u00e3o Institucional) &#8211; 2023<\/a><\/p>\n\n\n\n<hr class=\"wp-block-separator has-alpha-channel-opacity is-style-wide\" \/>\n","protected":false},"excerpt":{"rendered":"<p>A Universidade Federal Fluminense por meio da Pr\u00f3-Reitoria de Gest\u00e3o de Pessoas (PROGEPE) delega \u00e0 Escola de Governan\u00e7a em Gest\u00e3o P\u00fablica (EGGP) o planejamento e a execu\u00e7\u00e3o do Plano de Desenvolvimento de Pessoas (PDP) 2023.Desta forma, a EGGP vem dar publicidade \u00e0s despesas mensais com a\u00e7\u00f5es de desenvolvimento executadas, conforme previsto no art.18 da Instru\u00e7\u00e3o&hellip;<\/p>\n","protected":false},"author":3,"featured_media":0,"parent":0,"menu_order":0,"comment_status":"closed","ping_status":"closed","template":"","meta":{"_editorskit_title_hidden":false,"_editorskit_reading_time":1,"_editorskit_is_block_options_detached":false,"_editorskit_block_options_position":"{}","_monsterinsights_skip_tracking":false,"_monsterinsights_sitenote_active":false,"_monsterinsights_sitenote_note":"","_monsterinsights_sitenote_category":0},"_links":{"self":[{"href":"https:\/\/capacitacaoeggp.vr.uff.br\/index.php?rest_route=\/wp\/v2\/pages\/2208"}],"collection":[{"href":"https:\/\/capacitacaoeggp.vr.uff.br\/index.php?rest_route=\/wp\/v2\/pages"}],"about":[{"href":"https:\/\/capacitacaoeggp.vr.uff.br\/index.php?rest_route=\/wp\/v2\/types\/page"}],"author":[{"embeddable":true,"href":"https:\/\/capacitacaoeggp.vr.uff.br\/index.php?rest_route=\/wp\/v2\/users\/3"}],"replies":[{"embeddable":true,"href":"https:\/\/capacitacaoeggp.vr.uff.br\/index.php?rest_route=%2Fwp%2Fv2%2Fcomments&post=2208"}],"version-history":[{"count":41,"href":"https:\/\/capacitacaoeggp.vr.uff.br\/index.php?rest_route=\/wp\/v2\/pages\/2208\/revisions"}],"predecessor-version":[{"id":3226,"href":"https:\/\/capacitacaoeggp.vr.uff.br\/index.php?rest_route=\/wp\/v2\/pages\/2208\/revisions\/3226"}],"wp:attachment":[{"href":"https:\/\/capacitacaoeggp.vr.uff.br\/index.php?rest_route=%2Fwp%2Fv2%2Fmedia&parent=2208"}],"curies":[{"name":"wp","href":"https:\/\/api.w.org\/{rel}","templated":true}]}}