{"id":2451,"date":"2023-07-10T10:08:23","date_gmt":"2023-07-10T13:08:23","guid":{"rendered":"https:\/\/capacitacaoeggp.vr.uff.br\/?page_id=2451"},"modified":"2025-03-21T15:17:01","modified_gmt":"2025-03-21T18:17:01","slug":"iii-seminario-cientifico-2023","status":"publish","type":"page","link":"https:\/\/capacitacaoeggp.vr.uff.br\/?page_id=2451","title":{"rendered":"III Semin\u00e1rio Cient\u00edfico &#8211; 2023"},"content":{"rendered":"\n<p class=\"has-text-align-justify has-black-color has-text-color\" style=\"font-size:15px\">Promovido pela EGGP\/Progepe, o evento tem por objetivo dar visibilidade ao conhecimento t\u00e9cnico-cient\u00edfico e \u00e0s experi\u00eancias profissionais e sociais produzidas pelos servidores relativos \u00e0 gest\u00e3o p\u00fablica, ao ensino, \u00e0 pesquisa e \u00e0 extens\u00e3o. A iniciativa faz parte das atividades da Semana do Servidor P\u00fablico de 2023.<\/p>\n\n\n\n<hr class=\"wp-block-separator has-alpha-channel-opacity is-style-wide\" \/>\n\n\n\n<h2 class=\"wp-block-heading has-text-align-center\" id=\"data-de-realizacao\">Data de realiza\u00e7\u00e3o:<\/h2>\n\n\n\n<p class=\"has-text-align-center has-black-color has-text-color\">27 de Outubro de 2023<\/p>\n\n\n\n<hr class=\"wp-block-separator has-alpha-channel-opacity\" \/>\n\n\n\n<h2 class=\"wp-block-heading has-text-align-center\">Localiza\u00e7\u00e3o:<\/h2>\n\n\n\n<p class=\"has-text-align-center has-black-color has-text-color\">Evento totalmente online.<\/p>\n\n\n\n<hr class=\"wp-block-separator has-alpha-channel-opacity\" \/>\n\n\n\n<h2 class=\"wp-block-heading has-text-align-center\" id=\"areas-tematicas\">\u00c1reas Tem\u00e1ticas:<\/h2>\n\n\n\n<p class=\"has-text-align-center has-black-color has-text-color\">Ensino, Pesquisa e Extens\u00e3o<\/p>\n\n\n\n<p class=\"has-text-align-center has-black-color has-text-color\">Gest\u00e3o e Trabalho em Sa\u00fade<\/p>\n\n\n\n<p class=\"has-text-align-center has-black-color has-text-color\">Gest\u00e3o P\u00fablica e Inova\u00e7\u00e3o<\/p>\n\n\n\n<p class=\"has-text-align-center has-black-color has-text-color\">Inclus\u00e3o, Diversidade e Direitos Humanos<\/p>\n\n\n\n<p class=\"has-text-align-center has-black-color has-text-color\">Pol\u00edtica P\u00fablica e Educa\u00e7\u00e3o<\/p>\n\n\n\n<hr class=\"wp-block-separator has-alpha-channel-opacity\" \/>\n\n\n\n<h2 class=\"wp-block-heading has-text-align-center\" id=\"inscricoes-encerradas\">Inscri\u00e7\u00f5es:<\/h2>\n\n\n\n<p class=\"has-text-align-center has-black-color has-text-color\">Encerradas.<\/p>\n\n\n\n<hr class=\"wp-block-separator has-alpha-channel-opacity\" \/>\n\n\n\n<h2 class=\"wp-block-heading has-text-align-center\">Edital:<\/h2>\n\n\n\n<p class=\"has-text-align-center\"><a href=\"https:\/\/capacitacaoeggp.vr.uff.br\/wp-content\/uploads\/2023\/07\/Edital-III-Seminario-Cientifico-dos-Servidores-da-UFF-III-SecienUFF-online-1.pdf\" target=\"_blank\" aria-label=\"Acesse aqui! (opens in a new tab)\" rel=\"noreferrer noopener\" class=\"ek-link\">Acesse aqui!<\/a><\/p>\n\n\n\n<hr class=\"wp-block-separator has-alpha-channel-opacity\" \/>\n\n\n\n<h2 class=\"wp-block-heading has-text-align-center\">Resumo &#8211; em n\u00fameros:<\/h2>\n\n\n\n<p class=\"has-text-align-center has-black-color has-text-color\"><a aria-label=\"Acesse aqui! (opens in a new tab)\" href=\"https:\/\/capacitacaoeggp.vr.uff.br\/wp-content\/uploads\/2023\/12\/SECIEN-2.png\" target=\"_blank\" rel=\"noreferrer noopener\" class=\"ek-link\">Acesse aqui!<\/a><\/p>\n\n\n\n<hr class=\"wp-block-separator has-alpha-channel-opacity is-style-wide\" \/>\n\n\n\n<p class=\"has-text-align-center has-black-color has-text-color\" style=\"font-size:19px\"><strong><a href=\"https:\/\/capacitacaoeggp.vr.uff.br\/wp-content\/uploads\/2025\/03\/ANAISIIISecienUFF.pdf\" target=\"_blank\" aria-label=\"ACESSE AQUI OS ANAIS DO III SEMIN\u00c1RIO (opens in a new tab)\" rel=\"noreferrer noopener\" class=\"ek-link\">ACESSE AQUI OS ANAIS DO III SEMIN\u00c1RIO<\/a><\/strong><\/p>\n","protected":false},"excerpt":{"rendered":"<p>Promovido pela EGGP\/Progepe, o evento tem por objetivo dar visibilidade ao conhecimento t\u00e9cnico-cient\u00edfico e \u00e0s experi\u00eancias profissionais e sociais produzidas pelos servidores relativos \u00e0 gest\u00e3o p\u00fablica, ao ensino, \u00e0 pesquisa e \u00e0 extens\u00e3o. A iniciativa faz parte das atividades da Semana do Servidor P\u00fablico de 2023. Data de realiza\u00e7\u00e3o: 27 de Outubro de 2023 Localiza\u00e7\u00e3o:&hellip;<\/p>\n","protected":false},"author":6,"featured_media":0,"parent":0,"menu_order":0,"comment_status":"closed","ping_status":"closed","template":"","meta":{"_editorskit_title_hidden":false,"_editorskit_reading_time":0,"_editorskit_is_block_options_detached":false,"_editorskit_block_options_position":"{}","_monsterinsights_skip_tracking":false,"_monsterinsights_sitenote_active":false,"_monsterinsights_sitenote_note":"","_monsterinsights_sitenote_category":0},"_links":{"self":[{"href":"https:\/\/capacitacaoeggp.vr.uff.br\/index.php?rest_route=\/wp\/v2\/pages\/2451"}],"collection":[{"href":"https:\/\/capacitacaoeggp.vr.uff.br\/index.php?rest_route=\/wp\/v2\/pages"}],"about":[{"href":"https:\/\/capacitacaoeggp.vr.uff.br\/index.php?rest_route=\/wp\/v2\/types\/page"}],"author":[{"embeddable":true,"href":"https:\/\/capacitacaoeggp.vr.uff.br\/index.php?rest_route=\/wp\/v2\/users\/6"}],"replies":[{"embeddable":true,"href":"https:\/\/capacitacaoeggp.vr.uff.br\/index.php?rest_route=%2Fwp%2Fv2%2Fcomments&post=2451"}],"version-history":[{"count":14,"href":"https:\/\/capacitacaoeggp.vr.uff.br\/index.php?rest_route=\/wp\/v2\/pages\/2451\/revisions"}],"predecessor-version":[{"id":3586,"href":"https:\/\/capacitacaoeggp.vr.uff.br\/index.php?rest_route=\/wp\/v2\/pages\/2451\/revisions\/3586"}],"wp:attachment":[{"href":"https:\/\/capacitacaoeggp.vr.uff.br\/index.php?rest_route=%2Fwp%2Fv2%2Fmedia&parent=2451"}],"curies":[{"name":"wp","href":"https:\/\/api.w.org\/{rel}","templated":true}]}}