{"id":3372,"date":"2024-11-29T09:39:50","date_gmt":"2024-11-29T12:39:50","guid":{"rendered":"https:\/\/capacitacaoeggp.vr.uff.br\/?page_id=3372"},"modified":"2024-11-29T09:53:19","modified_gmt":"2024-11-29T12:53:19","slug":"privacidade-e-seguranca-da-informacao","status":"publish","type":"page","link":"https:\/\/capacitacaoeggp.vr.uff.br\/?page_id=3372","title":{"rendered":"Privacidade e Seguran\u00e7a da Informa\u00e7\u00e3o"},"content":{"rendered":"\n<p class=\"has-text-align-center has-black-color has-text-color\" style=\"font-size:16px\">&gt;&gt; <a href=\"https:\/\/www.escolavirtual.gov.br\/curso\/603\" target=\"_blank\" aria-label=\"Seguran\u00e7a da Informa\u00e7\u00e3o para Todos (opens in a new tab)\" rel=\"noreferrer noopener\" class=\"ek-link\"><strong>Seguran\u00e7a da Informa\u00e7\u00e3o para Todos<\/strong><\/a> (carga hor\u00e1ria: 24h)<\/p>\n\n\n\n<hr class=\"wp-block-separator has-alpha-channel-opacity\" \/>\n\n\n\n<p class=\"has-text-align-center has-black-color has-text-color\" style=\"font-size:16px\">&gt;&gt; <strong><a href=\"https:\/\/www.escolavirtual.gov.br\/curso\/916\" target=\"_blank\" aria-label=\"Fundamentos de Seguran\u00e7a da Informa\u00e7\u00e3o na Transforma\u00e7\u00e3o Digital (opens in a new tab)\" rel=\"noreferrer noopener\" class=\"ek-link\">Fundamentos de Seguran\u00e7a da Informa\u00e7\u00e3o na Transforma\u00e7\u00e3o Digital<\/a><\/strong> (carga hor\u00e1ria: 25h)<\/p>\n\n\n\n<hr class=\"wp-block-separator has-alpha-channel-opacity\" \/>\n\n\n\n<p class=\"has-text-align-center has-black-color has-text-color\" style=\"font-size:16px\">&gt;&gt; <strong><a href=\"https:\/\/www.escolavirtual.gov.br\/trilha\/246\" target=\"_blank\" aria-label=\"Trilha de Aprendizagem (opens in a new tab)\" rel=\"noreferrer noopener\" class=\"ek-link\">Trilha de Aprendizagem<\/a><\/strong>:<\/p>\n\n\n\n<p class=\"has-black-color has-text-color\" style=\"font-size:16px\">&gt;&gt; Conhecendo a legisla\u00e7\u00e3o de prote\u00e7\u00e3o de dados pessoais (carga hor\u00e1ria: 20h)<\/p>\n\n\n\n<p class=\"has-black-color has-text-color\" style=\"font-size:16px\">&gt;&gt; Atuando na governan\u00e7a e na aplica\u00e7\u00e3o de medidas de prote\u00e7\u00e3o de dados pessoais (carga hor\u00e1ria: 34h)<\/p>\n\n\n\n<p class=\"has-black-color has-text-color\" style=\"font-size:16px\">&gt;&gt; \u00a0Detalhando as atribui\u00e7\u00f5es do encarregado pelo tratamento de dados pessoais (carga hor\u00e1ria: 5h)<\/p>\n\n\n\n<p class=\"has-black-color has-text-color\" style=\"font-size:16px\">&gt;&gt; Criando uma estrutura b\u00e1sica em seguran\u00e7a da informa\u00e7\u00e3o (carga hor\u00e1ria: 127h)<\/p>\n\n\n\n<p class=\"has-black-color has-text-color\" style=\"font-size:16px\">&gt;&gt; Protegendo os ativos institucionais e o ambiente tecnol\u00f3gico da organiza\u00e7\u00e3o (carga hor\u00e1ria: 5h)<\/p>\n\n\n\n<p class=\"has-black-color has-text-color\" style=\"font-size:16px\">&gt;&gt; Respondendo a um incidente de seguran\u00e7a (carga hor\u00e1ria: 16h)<\/p>\n","protected":false},"excerpt":{"rendered":"<p>&gt;&gt; Seguran\u00e7a da Informa\u00e7\u00e3o para Todos (carga hor\u00e1ria: 24h) &gt;&gt; Fundamentos de Seguran\u00e7a da Informa\u00e7\u00e3o na Transforma\u00e7\u00e3o Digital (carga hor\u00e1ria: 25h) &gt;&gt; Trilha de Aprendizagem: &gt;&gt; Conhecendo a legisla\u00e7\u00e3o de prote\u00e7\u00e3o de dados pessoais (carga hor\u00e1ria: 20h) &gt;&gt; Atuando na governan\u00e7a e na aplica\u00e7\u00e3o de medidas de prote\u00e7\u00e3o de dados pessoais (carga hor\u00e1ria: 34h) &gt;&gt;&hellip;<\/p>\n","protected":false},"author":6,"featured_media":0,"parent":0,"menu_order":0,"comment_status":"closed","ping_status":"closed","template":"","meta":{"_editorskit_title_hidden":false,"_editorskit_reading_time":0,"_editorskit_is_block_options_detached":false,"_editorskit_block_options_position":"{}","_monsterinsights_skip_tracking":false,"_monsterinsights_sitenote_active":false,"_monsterinsights_sitenote_note":"","_monsterinsights_sitenote_category":0},"_links":{"self":[{"href":"https:\/\/capacitacaoeggp.vr.uff.br\/index.php?rest_route=\/wp\/v2\/pages\/3372"}],"collection":[{"href":"https:\/\/capacitacaoeggp.vr.uff.br\/index.php?rest_route=\/wp\/v2\/pages"}],"about":[{"href":"https:\/\/capacitacaoeggp.vr.uff.br\/index.php?rest_route=\/wp\/v2\/types\/page"}],"author":[{"embeddable":true,"href":"https:\/\/capacitacaoeggp.vr.uff.br\/index.php?rest_route=\/wp\/v2\/users\/6"}],"replies":[{"embeddable":true,"href":"https:\/\/capacitacaoeggp.vr.uff.br\/index.php?rest_route=%2Fwp%2Fv2%2Fcomments&post=3372"}],"version-history":[{"count":2,"href":"https:\/\/capacitacaoeggp.vr.uff.br\/index.php?rest_route=\/wp\/v2\/pages\/3372\/revisions"}],"predecessor-version":[{"id":3383,"href":"https:\/\/capacitacaoeggp.vr.uff.br\/index.php?rest_route=\/wp\/v2\/pages\/3372\/revisions\/3383"}],"wp:attachment":[{"href":"https:\/\/capacitacaoeggp.vr.uff.br\/index.php?rest_route=%2Fwp%2Fv2%2Fmedia&parent=3372"}],"curies":[{"name":"wp","href":"https:\/\/api.w.org\/{rel}","templated":true}]}}