{"id":3511,"date":"2025-02-13T09:54:51","date_gmt":"2025-02-13T12:54:51","guid":{"rendered":"https:\/\/capacitacaoeggp.vr.uff.br\/?page_id=3511"},"modified":"2025-02-13T09:58:01","modified_gmt":"2025-02-13T12:58:01","slug":"gestao-de-documentos-digitais","status":"publish","type":"page","link":"https:\/\/capacitacaoeggp.vr.uff.br\/?page_id=3511","title":{"rendered":"Gest\u00e3o de Documentos Digitais"},"content":{"rendered":"\n<p class=\"has-text-align-center has-black-color has-text-color\" style=\"font-size:16px\">&gt;&gt;<strong> <a aria-label=\"Introdu\u00e7\u00e3o \u00e1s Pr\u00e1ticas Arquiv\u00edsticas (opens in a new tab)\" href=\"https:\/\/www.escolavirtual.gov.br\/curso\/559\" target=\"_blank\" rel=\"noreferrer noopener\" class=\"ek-link\">Introdu\u00e7\u00e3o \u00e0s Pr\u00e1ticas Arquiv\u00edsticas<\/a><\/strong> (carga hor\u00e1ria: 27h)<\/p>\n\n\n\n<hr class=\"wp-block-separator has-alpha-channel-opacity\" \/>\n\n\n\n<p class=\"has-text-align-center has-black-color has-text-color\" style=\"font-size:16px\">&gt;&gt;<a href=\"https:\/\/www.escolavirtual.gov.br\/curso\/73\" target=\"_blank\" aria-label=\" Gest\u00e3o da Informa\u00e7\u00e3o e Documenta\u00e7\u00e3o - Conceitos B\u00e1sicos em Gest\u00e3o Documental  (opens in a new tab)\" rel=\"noreferrer noopener\" class=\"ek-link\"> <strong>Gest\u00e3o da Informa\u00e7\u00e3o e Documenta\u00e7\u00e3o &#8211; Conceitos B\u00e1sicos em Gest\u00e3o Documental<\/strong> <\/a>(carga hor\u00e1ria: 20h)<\/p>\n\n\n\n<hr class=\"wp-block-separator has-alpha-channel-opacity\" \/>\n\n\n\n<p class=\"has-text-align-center has-black-color has-text-color\" style=\"font-size:16px\">&gt;&gt;<a href=\"https:\/\/www.escolavirtual.gov.br\/curso\/855\" target=\"_blank\" aria-label=\" No\u00e7\u00f5es B\u00e1sicas de Gerenciamento em Servi\u00e7os Arquiv\u00edsticos  (opens in a new tab)\" rel=\"noreferrer noopener\" class=\"ek-link\"> <strong>No\u00e7\u00f5es B\u00e1sicas de Gerenciamento em Servi\u00e7os Arquiv\u00edsticos<\/strong> <\/a>(carga hor\u00e1ria: 15h)<\/p>\n\n\n\n<hr class=\"wp-block-separator has-alpha-channel-opacity\" \/>\n\n\n\n<p class=\"has-text-align-center has-black-color has-text-color\" style=\"font-size:16px\">&gt;&gt;<strong> <a aria-label=\"Transforma\u00e7\u00e3o Digital no Servi\u00e7o P\u00fablico (opens in a new tab)\" href=\"https:\/\/www.escolavirtual.gov.br\/curso\/419\" target=\"_blank\" rel=\"noreferrer noopener\" class=\"ek-link\">Transforma\u00e7\u00e3o Digital no Servi\u00e7o P\u00fablico<\/a><\/strong> (carga hor\u00e1ria: 20h)<\/p>\n\n\n\n<hr class=\"wp-block-separator has-alpha-channel-opacity\" \/>\n\n\n\n<p class=\"has-black-color has-text-color\" style=\"font-size:16px\">&gt;&gt; <a href=\"https:\/\/drive.google.com\/file\/d\/1K_Yu1fP4af5_Wgqz2YiMbni8YJ1Yr849\/view\" target=\"_blank\" aria-label=\"Acesse aqui (opens in a new tab)\" rel=\"noreferrer noopener\" class=\"ek-link\">Acesse aqui<\/a> maiores informa\u00e7\u00f5es.<\/p>\n","protected":false},"excerpt":{"rendered":"<p>&gt;&gt; Introdu\u00e7\u00e3o \u00e0s Pr\u00e1ticas Arquiv\u00edsticas (carga hor\u00e1ria: 27h) &gt;&gt; Gest\u00e3o da Informa\u00e7\u00e3o e Documenta\u00e7\u00e3o &#8211; Conceitos B\u00e1sicos em Gest\u00e3o Documental (carga hor\u00e1ria: 20h) &gt;&gt; No\u00e7\u00f5es B\u00e1sicas de Gerenciamento em Servi\u00e7os Arquiv\u00edsticos (carga hor\u00e1ria: 15h) &gt;&gt; Transforma\u00e7\u00e3o Digital no Servi\u00e7o P\u00fablico (carga hor\u00e1ria: 20h) &gt;&gt; Acesse aqui maiores informa\u00e7\u00f5es.<\/p>\n","protected":false},"author":6,"featured_media":0,"parent":0,"menu_order":0,"comment_status":"closed","ping_status":"closed","template":"","meta":{"_editorskit_title_hidden":false,"_editorskit_reading_time":0,"_editorskit_is_block_options_detached":false,"_editorskit_block_options_position":"{}","_monsterinsights_skip_tracking":false,"_monsterinsights_sitenote_active":false,"_monsterinsights_sitenote_note":"","_monsterinsights_sitenote_category":0},"_links":{"self":[{"href":"https:\/\/capacitacaoeggp.vr.uff.br\/index.php?rest_route=\/wp\/v2\/pages\/3511"}],"collection":[{"href":"https:\/\/capacitacaoeggp.vr.uff.br\/index.php?rest_route=\/wp\/v2\/pages"}],"about":[{"href":"https:\/\/capacitacaoeggp.vr.uff.br\/index.php?rest_route=\/wp\/v2\/types\/page"}],"author":[{"embeddable":true,"href":"https:\/\/capacitacaoeggp.vr.uff.br\/index.php?rest_route=\/wp\/v2\/users\/6"}],"replies":[{"embeddable":true,"href":"https:\/\/capacitacaoeggp.vr.uff.br\/index.php?rest_route=%2Fwp%2Fv2%2Fcomments&post=3511"}],"version-history":[{"count":2,"href":"https:\/\/capacitacaoeggp.vr.uff.br\/index.php?rest_route=\/wp\/v2\/pages\/3511\/revisions"}],"predecessor-version":[{"id":3516,"href":"https:\/\/capacitacaoeggp.vr.uff.br\/index.php?rest_route=\/wp\/v2\/pages\/3511\/revisions\/3516"}],"wp:attachment":[{"href":"https:\/\/capacitacaoeggp.vr.uff.br\/index.php?rest_route=%2Fwp%2Fv2%2Fmedia&parent=3511"}],"curies":[{"name":"wp","href":"https:\/\/api.w.org\/{rel}","templated":true}]}}