{"id":479,"date":"2021-08-16T15:20:12","date_gmt":"2021-08-16T18:20:12","guid":{"rendered":"https:\/\/capacitacaoeggp.vr.uff.br\/?page_id=479"},"modified":"2021-09-20T10:46:15","modified_gmt":"2021-09-20T13:46:15","slug":"recursos-educacionais-digitais-autoinstrucional","status":"publish","type":"page","link":"https:\/\/capacitacaoeggp.vr.uff.br\/?page_id=479","title":{"rendered":"Recursos Educacionais Digitais (autoinstrucional)"},"content":{"rendered":"\n<section id=\"gm0a9e6ed\" class=\"wp-block-gutentor-m3 section-gm0a9e6ed gutentor-module gutentor-container-cover\"><div class=\"grid-container\">\n<h2 class=\"has-text-align-center wp-block-heading\" id=\"objetivo\">Objetivo<\/h2>\n\n\n\n<p style=\"font-size:18px\">Formar o(a) docente\/t\u00e9cnico(a) para elabora\u00e7\u00e3o de desenho did\u00e1tico com base nos princ\u00edpios da Educa\u00e7\u00e3o On-line, seja para uma disciplina remota, a dist\u00e2ncia, h\u00edbrida ou mesmo presencial.<\/p>\n\n\n\n<hr class=\"wp-block-separator is-style-wide\" \/>\n\n\n\n<h2 class=\"wp-block-heading\" id=\"periodo\">Per\u00edodo<\/h2>\n\n\n\n<p style=\"font-size:18px\">Sob demanda (Geralmente ofertado no per\u00edodo de f\u00e9rias acad\u00eamicas).<\/p>\n\n\n\n<hr class=\"wp-block-separator is-style-wide\" \/>\n\n\n\n<h2 class=\"wp-block-heading\" id=\"publico-alvo\">P\u00fablico Alvo<\/h2>\n\n\n\n<p style=\"font-size:18px\">Professores universit\u00e1rios e t\u00e9cnicos de apoio pedag\u00f3gico<\/p>\n\n\n\n<hr class=\"wp-block-separator is-style-wide\" \/>\n\n\n\n<h2 class=\"wp-block-heading\" id=\"carga-horaria\">Carga Hor\u00e1ria<\/h2>\n\n\n\n<p style=\"font-size:18px\">60h<\/p>\n\n\n\n<hr class=\"wp-block-separator is-style-wide\" \/>\n\n\n\n<h2 class=\"wp-block-heading\" id=\"manifestar-interesse\">Manifestar Interesse<\/h2>\n\n\n\n<p style=\"font-size:18px\"> <a aria-label=\" (opens in a new tab)\" href=\"https:\/\/forms.gle\/QgWCDQART23WkQkq9\" target=\"_blank\" rel=\"noreferrer noopener\" class=\"ek-link\">Preencher formul\u00e1rio<\/a><\/p>\n<\/div><\/section>\n","protected":false},"excerpt":{"rendered":"<p>coursedetail_doc<\/p>\n","protected":false},"author":2,"featured_media":656,"parent":112,"menu_order":0,"comment_status":"closed","ping_status":"closed","template":"","meta":{"_editorskit_title_hidden":false,"_editorskit_reading_time":1,"_editorskit_is_block_options_detached":false,"_editorskit_block_options_position":"{}","_monsterinsights_skip_tracking":false,"_monsterinsights_sitenote_active":false,"_monsterinsights_sitenote_note":"","_monsterinsights_sitenote_category":0},"_links":{"self":[{"href":"https:\/\/capacitacaoeggp.vr.uff.br\/index.php?rest_route=\/wp\/v2\/pages\/479"}],"collection":[{"href":"https:\/\/capacitacaoeggp.vr.uff.br\/index.php?rest_route=\/wp\/v2\/pages"}],"about":[{"href":"https:\/\/capacitacaoeggp.vr.uff.br\/index.php?rest_route=\/wp\/v2\/types\/page"}],"author":[{"embeddable":true,"href":"https:\/\/capacitacaoeggp.vr.uff.br\/index.php?rest_route=\/wp\/v2\/users\/2"}],"replies":[{"embeddable":true,"href":"https:\/\/capacitacaoeggp.vr.uff.br\/index.php?rest_route=%2Fwp%2Fv2%2Fcomments&post=479"}],"version-history":[{"count":2,"href":"https:\/\/capacitacaoeggp.vr.uff.br\/index.php?rest_route=\/wp\/v2\/pages\/479\/revisions"}],"predecessor-version":[{"id":657,"href":"https:\/\/capacitacaoeggp.vr.uff.br\/index.php?rest_route=\/wp\/v2\/pages\/479\/revisions\/657"}],"up":[{"embeddable":true,"href":"https:\/\/capacitacaoeggp.vr.uff.br\/index.php?rest_route=\/wp\/v2\/pages\/112"}],"wp:featuredmedia":[{"embeddable":true,"href":"https:\/\/capacitacaoeggp.vr.uff.br\/index.php?rest_route=\/wp\/v2\/media\/656"}],"wp:attachment":[{"href":"https:\/\/capacitacaoeggp.vr.uff.br\/index.php?rest_route=%2Fwp%2Fv2%2Fmedia&parent=479"}],"curies":[{"name":"wp","href":"https:\/\/api.w.org\/{rel}","templated":true}]}}