{"id":84,"date":"2021-05-28T12:15:13","date_gmt":"2021-05-28T15:15:13","guid":{"rendered":"https:\/\/capacitacaoeggp.vr.uff.br\/?page_id=84"},"modified":"2026-01-27T13:27:52","modified_gmt":"2026-01-27T16:27:52","slug":"iq","status":"publish","type":"page","link":"https:\/\/capacitacaoeggp.vr.uff.br\/?page_id=84","title":{"rendered":"Incentivo \u00e0 Qualifica\u00e7\u00e3o"},"content":{"rendered":"\n<section id=\"gm41c2d9b\" class=\"wp-block-gutentor-m3 section-gm41c2d9b gutentor-module gutentor-container-cover\"><div class=\"grid-container\">\n<h2 class=\"wp-block-heading\">Descri\u00e7\u00e3o completa do servi\u00e7o<\/h2>\n\n\n\n<p class=\"has-text-align-justify has-black-color has-text-color\" style=\"font-size:18px\">O Incentivo \u00e0 Qualifica\u00e7\u00e3o \u00e9 um benef\u00edcio, institu\u00eddo pela Lei 11.091\/2006, devido ao servidor integrante do Plano de Carreira dos Cargos T\u00e9cnico-Administrativos em Educa\u00e7\u00e3o, que possuir educa\u00e7\u00e3o formal superior \u00e0 exigida para o ingresso no cargo de que \u00e9 titular, desde que solicitado atrav\u00e9s de abertura de processo, conforme estabelecido em seus artigos 11 e 12 da referida Lei. Entende-se por educa\u00e7\u00e3o formal a forma\u00e7\u00e3o escolar obtida nos n\u00edveis do ensino fundamental, m\u00e9dio, superior e p\u00f3s-gradua\u00e7\u00e3o (lato ou stricto-sensu).<\/p>\n\n\n\n<p class=\"has-text-align-justify has-black-color has-text-color\" style=\"font-size:18px\">Para os<strong> servidores rec\u00e9m-ingressos<\/strong>, a solicita\u00e7\u00e3o poder\u00e1 ser feita a partir da data em que entrar em exerc\u00edcio, enviando toda a documenta\u00e7\u00e3o necess\u00e1ria para o email: <a aria-label=\"gpcaad.proad@id.uff.br (opens in a new tab)\" href=\"mailto:gpcaad.proad@id.uff.br\" target=\"_blank\" rel=\"noreferrer noopener\" class=\"ek-link\">gpcaad.proad@id.uff.br<\/a>. A aquisi\u00e7\u00e3o de t\u00edtulo em \u00e1rea de conhecimento com rela\u00e7\u00e3o direta ao ambiente organizacional de atua\u00e7\u00e3o do servidor ensejar\u00e1 maior percentual de Incentivo \u00e0 Qualifica\u00e7\u00e3o, conforme o disposto no Decreto 5.824\/2006, publicado no D.O.U. de 30\/06\/2006. Os percentuais n\u00e3o s\u00e3o acumul\u00e1veis. A concess\u00e3o resulta em percentual calculado sobre o vencimento b\u00e1sico do servidor, conforme Anexo XVII (b) da Lei 12.772*, independentemente do n\u00edvel de classifica\u00e7\u00e3o em que esteja posicionado.<\/p>\n\n\n\n<blockquote class=\"wp-block-quote has-black-color has-text-color\" style=\"font-size:18px\">\n<p><a href=\"https:\/\/view.officeapps.live.com\/op\/view.aspx?src=https%3A%2F%2Fcapacitacaoeggp.vr.uff.br%2Fwp-content%2Fuploads%2F2023%2F11%2Frequerimento_para_incentivo_a_qualificacao_-_servidores_sem_acesso_ao_sei-2.doc&amp;wdOrigin=BROWSELINK\" target=\"_blank\" aria-label=\"Requerimento para Incentivo \u00e0 Qualifica\u00e7\u00e3o - Servidores sem acesso ao SEI (opens in a new tab)\" rel=\"noreferrer noopener\" class=\"ek-link\">Requerimento para Incentivo \u00e0 Qualifica\u00e7\u00e3o &#8211; Servidores sem acesso ao SEI<\/a><\/p>\n<\/blockquote>\n\n\n\n<p class=\"has-text-align-justify has-black-color has-text-color\" style=\"font-size:18px\">Considerando a Nota n\u00b0 366\/2019\/CCJA\/PFUFF\/PGF\/AGU, da PROGER, excepcionalmente o servidor poder\u00e1 solicitar o incentivo \u00e0 qualifica\u00e7\u00e3o apresentando documenta\u00e7\u00e3o provis\u00f3ria de conclus\u00e3o de curso. Para requerer a concess\u00e3o\/altera\u00e7\u00e3o de Incentivo \u00e0 Qualifica\u00e7\u00e3o, o servidor interessado dever\u00e1 autuar processo no SEI contendo, cumulativamente:<\/p>\n\n\n\n<ol>\n<li style=\"font-size:18px\">Requerimento de concess\u00e3o\/altera\u00e7\u00e3o devidamente instru\u00eddo e assinado pelo interessado e chefia imediata no Sistema Eletr\u00f4nico de Informa\u00e7\u00e3o \u2013 SEI da UFF.<\/li>\n\n\n\n<li style=\"font-size:18px\">Documentos comprobat\u00f3rios de titula\u00e7\u00e3o conforme orienta\u00e7\u00e3o do OF\u00cdCIO CIRCULAR SEI n\u00ba 2\/2019\/CGCAR ASSES\/CGCAR\/DESEN\/SGP\/SEDGG-ME:\n<ul>\n<li>Documento formal expedido pela institui\u00e7\u00e3o de ensino respons\u00e1vel que declare expressamente a conclus\u00e3o efetiva de curso reconhecido pelo MEC, conforme o caso, a aprova\u00e7\u00e3o do interessado e a inexist\u00eancia de qualquer pend\u00eancia para a aquisi\u00e7\u00e3o da titula\u00e7\u00e3o;<\/li>\n\n\n\n<li>Documento que comprove o in\u00edcio do procedimento de expedi\u00e7\u00e3o do respectivo certificado ou diploma.<\/li>\n<\/ul>\n<\/li>\n\n\n\n<li style=\"font-size:18px\">Nos casos de solicita\u00e7\u00e3o de Incentivo \u00e0 Qualifica\u00e7\u00e3o com o grau de Mestre ou Doutor, conforme disposto no Of\u00edcio-Circular n\u00ba 8\/2014-MEC\/SE\/SAA, de 22 de setembro de 2014, poder\u00e3o ser aceitas atas conclusivas de defesa de disserta\u00e7\u00e3o ou tese, conforme o caso, em substitui\u00e7\u00e3o \u00e0 declara\u00e7\u00e3o, desde que consignada \u201ca aprova\u00e7\u00e3o do discente sem ressalvas\u201d e que tenha comprovante do in\u00edcio de expedi\u00e7\u00e3o do diploma.<\/li>\n<\/ol>\n\n\n\n<p class=\"has-text-align-justify has-black-color has-text-color\" style=\"font-size:18px\">A inobserv\u00e2ncia dos prazos e procedimentos poder\u00e1 implicar no cancelamento do benef\u00edcio. O n\u00e3o atendimento de qualquer dos itens relacionados acima implicar\u00e1 no indeferimento do pedido de concess\u00e3o. <\/p>\n\n\n\n<hr class=\"wp-block-separator has-alpha-channel-opacity\" \/>\n\n\n\n<p class=\"has-text-align-justify has-black-color has-text-color\" style=\"font-size:18px\">O processo de reimplanta\u00e7\u00e3o de incentivo \u00e0 qualifica\u00e7\u00e3o dos<strong> servidores redistribu\u00eddos<\/strong> ser\u00e1 aberto preferencialmente pelo protocolo da unidade, presencialmente. Caso n\u00e3o seja poss\u00edvel, enviar os documentos para o email <a href=\"mailto:atendimento.gpcaad.proad@id.uff.br\">atendimento.gpcaad.proad@id.uff.br<\/a>.<\/p>\n\n\n\n<p class=\"has-black-color has-text-color\" style=\"font-size:18px\">1. C\u00f3pia autenticada do Diploma e Hist\u00f3rico Escolar correspondente \u00e0 solicita\u00e7\u00e3o de<br>Incentivo \u00e0 Qualifica\u00e7\u00e3o na Institui\u00e7\u00e3o de origem;<br>2. Documento que concedeu o benef\u00edcio na institui\u00e7\u00e3o de origem;<br>3. Portaria referente \u00e0 Redistribui\u00e7\u00e3o;<br>4. \u00daltimo contracheque na Institui\u00e7\u00e3o de origem;<br>5. Primeiro contracheque ou pr\u00e9via do contracheque da UFF (se j\u00e1 tiver);<br>6. Requerimento de Reimplanta\u00e7\u00e3o de IQ (em anexo)<\/p>\n\n\n\n<blockquote class=\"wp-block-quote\">\n<p class=\"has-black-color has-text-color\" style=\"font-size:18px\"><a href=\"https:\/\/view.officeapps.live.com\/op\/view.aspx?src=https%3A%2F%2Fcapacitacaoeggp.vr.uff.br%2Fwp-content%2Fuploads%2F2023%2F11%2Frequerimento_de_reimplantacao_de_iq.docx&amp;wdOrigin=BROWSELINK\" target=\"_blank\" aria-label=\"Requerimento de Reimplanta\u00e7\u00e3o de IQ (opens in a new tab)\" rel=\"noreferrer noopener\" class=\"ek-link\">Requerimento de Reimplanta\u00e7\u00e3o de IQ<\/a><\/p>\n<\/blockquote>\n\n\n\n<div class=\"wp-block-file\"><a id=\"wp-block-file--media-555437b9-80d6-449b-939a-1761e2c9fe29\" href=\"https:\/\/capacitacaoeggp.vr.uff.br\/wp-content\/uploads\/2023\/11\/requerimento_de_reimplantacao_de_iq.docx\" target=\"_blank\" rel=\"noreferrer noopener\">requerimento_de_reimplantacao_de_iq<\/a><a href=\"https:\/\/capacitacaoeggp.vr.uff.br\/wp-content\/uploads\/2023\/11\/requerimento_de_reimplantacao_de_iq.docx\" class=\"wp-block-file__button wp-element-button\" download aria-describedby=\"wp-block-file--media-555437b9-80d6-449b-939a-1761e2c9fe29\">Baixar<\/a><\/div>\n\n\n\n<hr class=\"wp-block-separator has-css-opacity is-style-wide\" \/>\n\n\n\n<h2 class=\"wp-block-heading\">Quem pode utilizar este servi\u00e7o?<\/h2>\n\n\n\n<ul style=\"font-size:18px\">\n<li>T\u00e9cnico-administrativos<\/li>\n<\/ul>\n\n\n\n<hr class=\"wp-block-separator has-css-opacity is-style-wide\" \/>\n\n\n\n<h2 class=\"wp-block-heading\">Etapas para a realiza\u00e7\u00e3o do servi\u00e7o<\/h2>\n\n\n\n<p class=\"has-black-color has-text-color\" style=\"font-size:18px\">Conforme manual dispon\u00edvel em: <a href=\"https:\/\/capacitacaoeggp.vr.uff.br\/wp-content\/uploads\/2025\/06\/Passo-a-passo-Servidor-Incentivo-a-Qualificacao.docx.pdf\" target=\"_blank\" aria-label=\" (opens in a new tab)\" rel=\"noreferrer noopener\" class=\"ek-link\">Passo a passo &#8211; Servidor &#8211; Incentivo \u00e0 Qualifica\u00e7\u00e3o<\/a><\/p>\n\n\n\n<hr class=\"wp-block-separator has-css-opacity is-style-wide\" \/>\n\n\n\n<h2 class=\"wp-block-heading\">Dias e hor\u00e1rios de atendimento<\/h2>\n\n\n\n<p class=\"has-black-color has-text-color\" style=\"font-size:18px\">Segunda a sexta-feira de 9 \u00e0s 17h, por email.<\/p>\n\n\n\n<hr class=\"wp-block-separator has-css-opacity is-style-wide\" \/>\n\n\n\n<h2 class=\"wp-block-heading\">Email do setor respons\u00e1vel pelo servi\u00e7o<\/h2>\n\n\n\n<p class=\"has-black-color has-text-color\" style=\"font-size:18px\"><a href=\"mailto:sant.dda.eggp@id.uff.br\" target=\"_blank\" aria-label=\"sant.dda.eggp@id.uff.br (opens in a new tab)\" rel=\"noreferrer noopener\" class=\"ek-link\">sant.dda.eggp@id.uff.br<\/a><\/p>\n\n\n\n<hr class=\"wp-block-separator has-css-opacity is-style-wide\" \/>\n\n\n\n<h2 class=\"wp-block-heading\">Base de Conhecimento<\/h2>\n\n\n\n<p class=\"has-black-color has-text-color\" style=\"font-size:18px\"><a href=\"https:\/\/www.uff.br\/processo\/incentivo-a-qualificacao\/\" target=\"_blank\" aria-label=\" (opens in a new tab)\" rel=\"noreferrer noopener\" class=\"ek-link\">Incentivo \u00e0 Qualifica\u00e7\u00e3o<\/a><\/p>\n\n\n\n<p class=\"has-black-color has-text-color\" style=\"font-size:18px\"><\/p>\n\n\n\n<hr class=\"wp-block-separator has-css-opacity is-style-wide\" \/>\n\n\n\n<h2 class=\"wp-block-heading\">Legisla\u00e7\u00e3o associada a este servi\u00e7o<\/h2>\n\n\n\n<p class=\"has-black-color has-text-color\" style=\"font-size:18px\"><a aria-label=\"Plano de Cargos e Carreiras dos T\u00e9cnicos Administrativos em Educa\u00e7\u00e3o (opens in a new tab)\" href=\"http:\/\/www.planalto.gov.br\/ccivil_03\/_ato2004-2006\/2005\/lei\/l11091.htm\" target=\"_blank\" rel=\"noreferrer noopener\" class=\"ek-link\">Plano de Cargos e Carreiras dos T\u00e9cnicos Administrativos em Educa\u00e7\u00e3o<\/a><br><a aria-label=\"Lei 12722\/2012 (opens in a new tab)\" href=\"http:\/\/www.planalto.gov.br\/ccivil_03\/_ato2011-2014\/2012\/lei\/l12772.htm\" target=\"_blank\" rel=\"noreferrer noopener\" class=\"ek-link\">Lei 12722\/2012<\/a><br><a aria-label=\"Decreto 5824\/2006 (opens in a new tab)\" href=\"http:\/\/www.planalto.gov.br\/ccivil_03\/_ato2004-2006\/2006\/decreto\/d5824.htm\" target=\"_blank\" rel=\"noreferrer noopener\" class=\"ek-link\">Decreto 5824\/2006<\/a><\/p>\n\n\n\n<p> <\/p>\n\n\n\n<p class=\"has-black-color has-text-color\" style=\"font-size:18px\">Lei 11.091\/2015<br><a aria-label=\"Oficio Circular SEI n\u00ba 2\/2019\/CGCAR\/ASSES\/CGCAR\/DESEN\/SGP\/SEDGG-ME (opens in a new tab)\" href=\"https:\/\/capacitacaoeggp.vr.uff.br\/wp-content\/uploads\/2021\/08\/oficio_circular_sei_no_22019cgcar_assescgcardesensgpsedgg-me.pdf\" target=\"_blank\" rel=\"noreferrer noopener\" class=\"ek-link\">Oficio Circular SEI n\u00ba 2\/2019\/CGCAR\/ASSES\/CGCAR\/DESEN\/SGP\/SEDGG-ME<\/a><\/p>\n<\/div><\/section>\n","protected":false},"excerpt":{"rendered":"","protected":false},"author":2,"featured_media":0,"parent":315,"menu_order":0,"comment_status":"closed","ping_status":"closed","template":"","meta":{"_editorskit_title_hidden":false,"_editorskit_reading_time":2,"_editorskit_is_block_options_detached":false,"_editorskit_block_options_position":"{}","_monsterinsights_skip_tracking":false,"_monsterinsights_sitenote_active":false,"_monsterinsights_sitenote_note":"","_monsterinsights_sitenote_category":0},"_links":{"self":[{"href":"https:\/\/capacitacaoeggp.vr.uff.br\/index.php?rest_route=\/wp\/v2\/pages\/84"}],"collection":[{"href":"https:\/\/capacitacaoeggp.vr.uff.br\/index.php?rest_route=\/wp\/v2\/pages"}],"about":[{"href":"https:\/\/capacitacaoeggp.vr.uff.br\/index.php?rest_route=\/wp\/v2\/types\/page"}],"author":[{"embeddable":true,"href":"https:\/\/capacitacaoeggp.vr.uff.br\/index.php?rest_route=\/wp\/v2\/users\/2"}],"replies":[{"embeddable":true,"href":"https:\/\/capacitacaoeggp.vr.uff.br\/index.php?rest_route=%2Fwp%2Fv2%2Fcomments&post=84"}],"version-history":[{"count":42,"href":"https:\/\/capacitacaoeggp.vr.uff.br\/index.php?rest_route=\/wp\/v2\/pages\/84\/revisions"}],"predecessor-version":[{"id":4181,"href":"https:\/\/capacitacaoeggp.vr.uff.br\/index.php?rest_route=\/wp\/v2\/pages\/84\/revisions\/4181"}],"up":[{"embeddable":true,"href":"https:\/\/capacitacaoeggp.vr.uff.br\/index.php?rest_route=\/wp\/v2\/pages\/315"}],"wp:attachment":[{"href":"https:\/\/capacitacaoeggp.vr.uff.br\/index.php?rest_route=%2Fwp%2Fv2%2Fmedia&parent=84"}],"curies":[{"name":"wp","href":"https:\/\/api.w.org\/{rel}","templated":true}]}}